{"id":1127,"date":"2022-11-10T12:58:41","date_gmt":"2022-11-10T11:58:41","guid":{"rendered":"https:\/\/rafoldesalem.websaccesibles.eu\/fiestas\/"},"modified":"2023-02-22T16:29:37","modified_gmt":"2023-02-22T15:29:37","slug":"fiestas","status":"publish","type":"page","link":"https:\/\/rafoldesalem.es\/es\/fiestas\/","title":{"rendered":"Fiestas"},"content":{"rendered":"<!--themify_builder_content-->\n<div id=\"themify_builder_content-1127\" data-postid=\"1127\" class=\"themify_builder_content themify_builder_content-1127 themify_builder tf_clear\">\n                    <div  id=\"h1320\" data-lazy=\"1\" class=\"module_row themify_builder_row tb_ehn3285 tb_first tf_w\">\n                        <div class=\"row_inner col_align_top tb_col_count_1 tf_box tf_rel\">\n                        <div  data-lazy=\"1\" class=\"module_column tb-column col-full tb_49yq285 first\">\n                    <!-- module text -->\n<div  class=\"module module-text tb_6itq285  repeat \" data-lazy=\"1\" id=\"h1169\">\n        <div  class=\"tb_text_wrap\">\n        <h1><span style=\"font-weight: normal;\">Fiestas<\/span><\/h1>    <\/div>\n<\/div>\n<!-- \/module text -->        <\/div>\n                        <\/div>\n        <\/div>\n                        <div  data-lazy=\"1\" class=\"module_row themify_builder_row tb_2m9l58 tf_w\">\n                        <div class=\"row_inner col_align_top tb_col_count_1 tf_box tf_rel\">\n                        <div  data-lazy=\"1\" class=\"module_column tb-column col-full tb_hhfe59 first\">\n                    <!-- module text -->\n<div  class=\"module module-text tb_23dw817   \" data-lazy=\"1\" id=\"h1170\">\n        <div  class=\"tb_text_wrap\">\n        <h2>Fiestas Patronales<\/h2>    <\/div>\n<\/div>\n<!-- \/module text --><!-- module text -->\n<div  class=\"module module-text tb_ug8z597   \" data-lazy=\"1\">\n        <div  class=\"tb_text_wrap\">\n        <p><span style=\"font-weight: 400;\">Las fiestas patronales del R\u00e0fol de Salem tienen inicio la primera semana de Agosto. Estas fiestas se celebran en honor al Divino Salvador. Las fiestas del R\u00e0fol de Salem dedican cada d\u00eda a un motivo distinto, como la festividad de los jubilados en honor a Santo Tom\u00e1s; la festividad de los j\u00f3venes en honor a la divina Aurora y divina Pastora; y la festividad del Divino Salvador que se celebra el d\u00eda 6 de Agosto. <br><br><\/span><span style=\"font-weight: 400;\">Adem\u00e1s, las fiestas est\u00e1n animadas con actividades para toda la poblaci\u00f3n como talleres, teatros y orquesta por la noche. Tambi\u00e9n se dan actos tradicionales como conciertos de dulzaineros y tamborileros, conciertos de bandas de m\u00fasica, pasacalles, cenas en la calle, despertaes, procesiones en honor a los cristos y al patr\u00f3n, concursos deportivos, etc. Adem\u00e1s, la semana anterior a las fiestas existe un concurso de Paellas. Y muy t\u00edpico en todas las poblaciones valencianas, son los castillos de fuegos artificiales por la noche. <\/span><\/p>    <\/div>\n<\/div>\n<!-- \/module text -->        <\/div>\n                        <\/div>\n        <\/div>\n                        <div  data-lazy=\"1\" class=\"module_row themify_builder_row tb_hulf705 tf_w\">\n                        <div class=\"row_inner col_align_top tb_col_count_3 tf_box tf_rel\">\n                        <div  data-lazy=\"1\" class=\"module_column tb-column col3-1 tb_raui706 first\">\n                    <!-- module image -->\n<div  class=\"module module-image tb_fpf4825 image-top   tf_mw\" data-lazy=\"1\" id=\"h1321\">\n        <div class=\"image-wrap tf_rel tf_mw\">\n            <img loading=\"lazy\" decoding=\"async\" src=\"https:\/\/rafoldesalem.websaccesibles.eu\/wp-content\/uploads\/sites\/16\/2022\/11\/rafol-crist.png\" width=\"393\" height=\"262\" title=\"Fiestas\" alt=\"Fiestas\">    \n        <\/div>\n    <!-- \/image-wrap -->\n    \n        <\/div>\n<!-- \/module image -->        <\/div>\n                    <div  data-lazy=\"1\" class=\"module_column tb-column col3-1 tb_dgfu706\">\n                    <!-- module image -->\n<div  class=\"module module-image tb_3ie8845 image-top   tf_mw\" data-lazy=\"1\" id=\"h1322\">\n        <div class=\"image-wrap tf_rel tf_mw\">\n            <img loading=\"lazy\" decoding=\"async\" src=\"https:\/\/rafoldesalem.websaccesibles.eu\/wp-content\/uploads\/sites\/16\/2022\/11\/fuegos_artificiales_galeria.png\" width=\"393\" height=\"262\" title=\"Fiestas\" alt=\"Fiestas\">    \n        <\/div>\n    <!-- \/image-wrap -->\n    \n        <\/div>\n<!-- \/module image -->        <\/div>\n                    <div  data-lazy=\"1\" class=\"module_column tb-column col3-1 tb_y4ox706 last\">\n                    <!-- module image -->\n<div  class=\"module module-image tb_03v0968 image-top   tf_mw\" data-lazy=\"1\" id=\"h1323\">\n        <div class=\"image-wrap tf_rel tf_mw\">\n            <img loading=\"lazy\" decoding=\"async\" src=\"https:\/\/rafoldesalem.websaccesibles.eu\/wp-content\/uploads\/sites\/16\/2022\/11\/ciudadanos-en-fiestas.png\" width=\"393\" height=\"262\" title=\"Fiestas\" alt=\"Fiestas\">    \n        <\/div>\n    <!-- \/image-wrap -->\n    \n        <\/div>\n<!-- \/module image -->        <\/div>\n                        <\/div>\n        <\/div>\n                        <div  data-lazy=\"1\" class=\"module_row themify_builder_row tb_x15f176 tf_w\">\n                        <div class=\"row_inner col_align_top tb_col_count_3 tf_box tf_rel\">\n                        <div  data-lazy=\"1\" class=\"module_column tb-column col3-1 tb_edjd177 first\">\n                    <!-- module image -->\n<div  class=\"module module-image tb_eyme633 image-top   tf_mw\" data-lazy=\"1\" id=\"h1324\">\n        <div class=\"image-wrap tf_rel tf_mw\">\n            <img loading=\"lazy\" decoding=\"async\" src=\"https:\/\/rafoldesalem.websaccesibles.eu\/wp-content\/uploads\/sites\/16\/2022\/11\/ciudadanos-en-bicicleta.png\" width=\"393\" height=\"262\" title=\"Fiestas\" alt=\"Fiestas\">    \n        <\/div>\n    <!-- \/image-wrap -->\n    \n        <\/div>\n<!-- \/module image -->        <\/div>\n                    <div  data-lazy=\"1\" class=\"module_column tb-column col3-1 tb_izff177\">\n                    <!-- module image -->\n<div  class=\"module module-image tb_tjss221 image-top   tf_mw\" data-lazy=\"1\" id=\"h1325\">\n        <div class=\"image-wrap tf_rel tf_mw\">\n            <img loading=\"lazy\" decoding=\"async\" src=\"https:\/\/rafoldesalem.websaccesibles.eu\/wp-content\/uploads\/sites\/16\/2022\/11\/rafol-banda.png\" width=\"393\" height=\"262\" title=\"Fiestas\" alt=\"Fiestas\">    \n        <\/div>\n    <!-- \/image-wrap -->\n    \n        <\/div>\n<!-- \/module image -->        <\/div>\n                    <div  data-lazy=\"1\" class=\"module_column tb-column col3-1 tb_dll6178 last\">\n                    <!-- module image -->\n<div  class=\"module module-image tb_ytdg178 image-top   tf_mw\" data-lazy=\"1\" id=\"h1326\">\n        <div class=\"image-wrap tf_rel tf_mw\">\n            <img loading=\"lazy\" decoding=\"async\" src=\"https:\/\/rafoldesalem.websaccesibles.eu\/wp-content\/uploads\/sites\/16\/2022\/11\/rafol-cena-fiestas.png\" width=\"393\" height=\"262\" title=\"Fiestas\" alt=\"Fiestas\">    \n        <\/div>\n    <!-- \/image-wrap -->\n    \n        <\/div>\n<!-- \/module image -->        <\/div>\n                        <\/div>\n        <\/div>\n                        <div  data-lazy=\"1\" class=\"module_row themify_builder_row tb_pnlj321 tf_w\">\n                        <div class=\"row_inner col_align_top tb_col_count_1 tf_box tf_rel\">\n                        <div  data-lazy=\"1\" class=\"module_column tb-column col-full tb_g2ot321 first\">\n                    <!-- module text -->\n<div  class=\"module module-text tb_c6ry321   \" data-lazy=\"1\" id=\"h1232\">\n        <div  class=\"tb_text_wrap\">\n        <h2>El Porrat de Sant Blai<\/h2>    <\/div>\n<\/div>\n<!-- \/module text --><!-- module text -->\n<div  class=\"module module-text tb_tgoj321   \" data-lazy=\"1\">\n        <div  class=\"tb_text_wrap\">\n        <p><span style=\"font-weight: 400;\">Hablamos de una fiesta que cuenta con una tradici\u00f3n de unos 500 a\u00f1os. Encontraron la imagen de San Blas para el a\u00f1o 1430, despu\u00e9s de disput\u00e1rsela con el pueblo vecino y, finalmente, qued\u00e1rsela R\u00e0fol se construy\u00f3 una ermita en su honor. Desde hace m\u00e1s de cien a\u00f1os se celebra su fiesta, antes cada 3 de febrero, ahora el primer s\u00e1bado de febrero.  <br><br><\/span><span style=\"font-weight: 400;\">Actualmente se celebra con diversos actos de car\u00e1cter religioso y cultural, como la representaci\u00f3n del milagro de San Blas (domingo anterior a la festividad), los gozos, mercado medieval o fuegos artificiales.<br><\/span><span style=\"font-weight: 400;\"><br>Cabe nombrar que ese d\u00eda el museo del Oli y el molino de Baix tienen sus puertas abiertas para que los visitantes tengan la oportunidad de conocer m\u00e1s R\u00e0fol.<\/span><\/p>    <\/div>\n<\/div>\n<!-- \/module text -->        <\/div>\n                        <\/div>\n        <\/div>\n                        <div  data-lazy=\"1\" class=\"module_row themify_builder_row tb_54ve695 tf_w\">\n                        <div class=\"row_inner col_align_top tb_col_count_1 tf_box tf_rel\">\n                        <div  data-lazy=\"1\" class=\"module_column tb-column col-full tb_nbey696 first\">\n                    <!-- module text -->\n<div  class=\"module module-text tb_6oi5696   \" data-lazy=\"1\" id=\"h1233\">\n        <div  class=\"tb_text_wrap\">\n        <h2>El Div\u00ed Salvador<\/h2>    <\/div>\n<\/div>\n<!-- \/module text --><!-- module text -->\n<div  class=\"module module-text tb_xpal696   \" data-lazy=\"1\">\n        <div  class=\"tb_text_wrap\">\n        <p><span style=\"font-weight: 400;\">Las fiestas del Div\u00ed Salvador tienen su origen en el a\u00f1o 1792 cuando lleg\u00f3 la imagen del Divino Salvador a la iglesia de Santa Maria dels \u00c0ngels despu\u00e9s de su reconstrucci\u00f3n. Obra cortada por Josep Esteve i Bonet. La gran devoci\u00f3n que los rafolinos le profesan al Divino Slavador es consecuencia del milagro que se llamaba este Cristo obra al pueblo. Como cuentan los gozos, cur\u00f3 un pase de c\u00f3lera que asolaba el pueblo a principios del siglo XIX, exactamente el 21 de septiembre de 1817. Desde entonces, el 21 de septiembre se conmemora el milagro. A ra\u00edz de esto R\u00e1fol proclam\u00f3 al divino Salvador como su Patr\u00f3n principal.    <\/span><\/p>\n<p><span style=\"font-weight: 400;\">Durante la Guerra Civil el pueblo permanece sin parte del patrimonio, tambi\u00e9n sin la imagen del Divino Salvador. En 1942 lleg\u00f3 al pueblo la nueva imagen, presentada el 21 de septiembre en una procesi\u00f3n. El Divino Salvador es un signo de identidad, un s\u00edmbolo de pertenencia al pueblo. Se celebra esta fiesta con actos religiosos cada 21 de septiembre, festivo en la localidad.   <\/span><\/p>    <\/div>\n<\/div>\n<!-- \/module text -->        <\/div>\n                        <\/div>\n        <\/div>\n                        <div  data-lazy=\"1\" class=\"module_row themify_builder_row tb_xms0941 tf_w\">\n                        <div class=\"row_inner col_align_middle tb_col_count_2 tf_box tf_rel\">\n                        <div  data-lazy=\"1\" class=\"module_column tb-column tb_9vk3941 first\">\n                    <!-- module image -->\n<div  class=\"module module-image tb_a9qy941 image-center   tf_mw\" data-lazy=\"1\" id=\"h1327\">\n        <div class=\"image-wrap tf_rel tf_mw\">\n            <img loading=\"lazy\" decoding=\"async\" src=\"https:\/\/rafoldesalem.websaccesibles.eu\/wp-content\/uploads\/sites\/16\/2022\/11\/el-divi-salvador.png\" width=\"393\" height=\"262\" title=\"Fiestas\" alt=\"Fiestas\">    \n        <\/div>\n    <!-- \/image-wrap -->\n    \n        <\/div>\n<!-- \/module image -->        <\/div>\n                    <div  data-lazy=\"1\" class=\"module_column tb-column tb_wo66941 last\">\n                    <!-- module image -->\n<div  class=\"module module-image tb_punr941 image-center   tf_mw\" data-lazy=\"1\" id=\"h1328\">\n        <div class=\"image-wrap tf_rel tf_mw\">\n            <img loading=\"lazy\" decoding=\"async\" src=\"https:\/\/rafoldesalem.websaccesibles.eu\/wp-content\/uploads\/sites\/16\/2022\/11\/cofrades-del-divi.png\" width=\"393\" height=\"262\" title=\"Fiestas\" alt=\"Fiestas\">    \n        <\/div>\n    <!-- \/image-wrap -->\n    \n        <\/div>\n<!-- \/module image -->        <\/div>\n                        <\/div>\n        <\/div>\n        <\/div>\n<!--\/themify_builder_content-->","protected":false},"excerpt":{"rendered":"<p>Fiestas Fiestas Patronales Las fiestas patronales del R\u00e0fol de Salem tienen inicio la primera semana de Agosto. Estas fiestas se celebran en honor al Divino Salvador. Las fiestas del R\u00e0fol de Salem dedican cada d\u00eda a un motivo distinto, como la festividad de los jubilados en honor a Santo Tom\u00e1s; la festividad de los j\u00f3venes [&hellip;]<\/p>\n","protected":false},"author":1,"featured_media":0,"parent":0,"menu_order":0,"comment_status":"closed","ping_status":"closed","template":"","meta":{"footnotes":""},"class_list":["post-1127","page","type-page","status-publish","hentry","has-post-title","has-post-date","has-post-category","has-post-tag","has-post-comment","has-post-author",""],"builder_content":"<h1>Fiestas<\/h1>\n<h2>Fiestas Patronales<\/h2>\n<p>Las fiestas patronales del R\u00e0fol de Salem tienen inicio la primera semana de Agosto. Estas fiestas se celebran en honor al Divino Salvador. Las fiestas del R\u00e0fol de Salem dedican cada d\u00eda a un motivo distinto, como la festividad de los jubilados en honor a Santo Tom\u00e1s; la festividad de los j\u00f3venes en honor a la divina Aurora y divina Pastora; y la festividad del Divino Salvador que se celebra el d\u00eda 6 de Agosto. <br><br>Adem\u00e1s, las fiestas est\u00e1n animadas con actividades para toda la poblaci\u00f3n como talleres, teatros y orquesta por la noche. Tambi\u00e9n se dan actos tradicionales como conciertos de dulzaineros y tamborileros, conciertos de bandas de m\u00fasica, pasacalles, cenas en la calle, despertaes, procesiones en honor a los cristos y al patr\u00f3n, concursos deportivos, etc. Adem\u00e1s, la semana anterior a las fiestas existe un concurso de Paellas. Y muy t\u00edpico en todas las poblaciones valencianas, son los castillos de fuegos artificiales por la noche. <\/p>\n<img src=\"https:\/\/rafoldesalem.websaccesibles.eu\/wp-content\/uploads\/sites\/16\/2022\/11\/rafol-crist.png\" width=\"393\" height=\"262\" title=\"Fiestas\" alt=\"Fiestas\">\n<img src=\"https:\/\/rafoldesalem.websaccesibles.eu\/wp-content\/uploads\/sites\/16\/2022\/11\/fuegos_artificiales_galeria.png\" width=\"393\" height=\"262\" title=\"Fiestas\" alt=\"Fiestas\">\n<img src=\"https:\/\/rafoldesalem.websaccesibles.eu\/wp-content\/uploads\/sites\/16\/2022\/11\/ciudadanos-en-fiestas.png\" width=\"393\" height=\"262\" title=\"Fiestas\" alt=\"Fiestas\">\n<img src=\"https:\/\/rafoldesalem.websaccesibles.eu\/wp-content\/uploads\/sites\/16\/2022\/11\/ciudadanos-en-bicicleta.png\" width=\"393\" height=\"262\" title=\"Fiestas\" alt=\"Fiestas\">\n<img src=\"https:\/\/rafoldesalem.websaccesibles.eu\/wp-content\/uploads\/sites\/16\/2022\/11\/rafol-banda.png\" width=\"393\" height=\"262\" title=\"Fiestas\" alt=\"Fiestas\">\n<img src=\"https:\/\/rafoldesalem.websaccesibles.eu\/wp-content\/uploads\/sites\/16\/2022\/11\/rafol-cena-fiestas.png\" width=\"393\" height=\"262\" title=\"Fiestas\" alt=\"Fiestas\">\n<h2>El Porrat de Sant Blai<\/h2>\n<p>Hablamos de una fiesta que cuenta con una tradici\u00f3n de unos 500 a\u00f1os. Encontraron la imagen de San Blas para el a\u00f1o 1430, despu\u00e9s de disput\u00e1rsela con el pueblo vecino y, finalmente, qued\u00e1rsela R\u00e0fol se construy\u00f3 una ermita en su honor. Desde hace m\u00e1s de cien a\u00f1os se celebra su fiesta, antes cada 3 de febrero, ahora el primer s\u00e1bado de febrero. <br><br>Actualmente se celebra con diversos actos de car\u00e1cter religioso y cultural, como la representaci\u00f3n del milagro de San Blas (domingo anterior a la festividad), los gozos, mercado medieval o fuegos artificiales.<br><br>Cabe nombrar que ese d\u00eda el museo del Oli y el molino de Baix tienen sus puertas abiertas para que los visitantes tengan la oportunidad de conocer m\u00e1s R\u00e0fol.<\/p>\n<h2>El Div\u00ed Salvador<\/h2>\n<p>Las fiestas del Div\u00ed Salvador tienen su origen en el a\u00f1o 1792 cuando lleg\u00f3 la imagen del Divino Salvador a la iglesia de Santa Maria dels \u00c0ngels despu\u00e9s de su reconstrucci\u00f3n. Obra cortada por Josep Esteve i Bonet. La gran devoci\u00f3n que los rafolinos le profesan al Divino Slavador es consecuencia del milagro que se llamaba este Cristo obra al pueblo. Como cuentan los gozos, cur\u00f3 un pase de c\u00f3lera que asolaba el pueblo a principios del siglo XIX, exactamente el 21 de septiembre de 1817. Desde entonces, el 21 de septiembre se conmemora el milagro. A ra\u00edz de esto R\u00e1fol proclam\u00f3 al divino Salvador como su Patr\u00f3n principal. <\/p> <p>Durante la Guerra Civil el pueblo permanece sin parte del patrimonio, tambi\u00e9n sin la imagen del Divino Salvador. En 1942 lleg\u00f3 al pueblo la nueva imagen, presentada el 21 de septiembre en una procesi\u00f3n. El Divino Salvador es un signo de identidad, un s\u00edmbolo de pertenencia al pueblo. Se celebra esta fiesta con actos religiosos cada 21 de septiembre, festivo en la localidad. <\/p>\n<img src=\"https:\/\/rafoldesalem.websaccesibles.eu\/wp-content\/uploads\/sites\/16\/2022\/11\/el-divi-salvador.png\" width=\"393\" height=\"262\" title=\"Fiestas\" alt=\"Fiestas\">\n<img src=\"https:\/\/rafoldesalem.websaccesibles.eu\/wp-content\/uploads\/sites\/16\/2022\/11\/cofrades-del-divi.png\" width=\"393\" height=\"262\" title=\"Fiestas\" alt=\"Fiestas\">","_links":{"self":[{"href":"https:\/\/rafoldesalem.es\/es\/wp-json\/wp\/v2\/pages\/1127","targetHints":{"allow":["GET"]}}],"collection":[{"href":"https:\/\/rafoldesalem.es\/es\/wp-json\/wp\/v2\/pages"}],"about":[{"href":"https:\/\/rafoldesalem.es\/es\/wp-json\/wp\/v2\/types\/page"}],"author":[{"embeddable":true,"href":"https:\/\/rafoldesalem.es\/es\/wp-json\/wp\/v2\/users\/1"}],"replies":[{"embeddable":true,"href":"https:\/\/rafoldesalem.es\/es\/wp-json\/wp\/v2\/comments?post=1127"}],"version-history":[{"count":11,"href":"https:\/\/rafoldesalem.es\/es\/wp-json\/wp\/v2\/pages\/1127\/revisions"}],"predecessor-version":[{"id":3386,"href":"https:\/\/rafoldesalem.es\/es\/wp-json\/wp\/v2\/pages\/1127\/revisions\/3386"}],"wp:attachment":[{"href":"https:\/\/rafoldesalem.es\/es\/wp-json\/wp\/v2\/media?parent=1127"}],"curies":[{"name":"wp","href":"https:\/\/api.w.org\/{rel}","templated":true}]}}