{"id":1206,"date":"2022-11-08T12:11:51","date_gmt":"2022-11-08T11:11:51","guid":{"rendered":"https:\/\/rafoldesalem.websaccesibles.eu\/atencion-al-ciudadano\/"},"modified":"2022-12-02T17:37:12","modified_gmt":"2022-12-02T16:37:12","slug":"atencion-al-ciudadano","status":"publish","type":"page","link":"https:\/\/rafoldesalem.es\/es\/atencion-al-ciudadano\/","title":{"rendered":"Atenci\u00f3n al ciudadano"},"content":{"rendered":"<!--themify_builder_content-->\n<div id=\"themify_builder_content-1206\" data-postid=\"1206\" class=\"themify_builder_content themify_builder_content-1206 themify_builder tf_clear\">\n                    <div  data-parallax-bg=\"mobile\" id=\"h1309\" data-lazy=\"1\" class=\"module_row themify_builder_row tb_p021830 tb_first tf_w\">\n                        <div class=\"row_inner col_align_top tb_col_count_1 tf_box tf_rel\">\n                        <div  data-lazy=\"1\" class=\"module_column tb-column col-full tb_315t830 first\">\n                    <!-- module text -->\n<div  class=\"module module-text tb_ei4x830  repeat \" data-lazy=\"1\" id=\"h1135\">\n        <div  class=\"tb_text_wrap\">\n        <h1><span style=\"font-weight: normal;\">Atenci\u00f3n a la ciudadan\u00eda<\/span><\/h1>    <\/div>\n<\/div>\n<!-- \/module text -->        <\/div>\n                        <\/div>\n        <\/div>\n                        <div  data-lazy=\"1\" class=\"module_row themify_builder_row tb_vgt923 tf_w\">\n                        <div class=\"row_inner col_align_top tb_col_count_2 tf_box tf_rel\">\n                        <div  data-lazy=\"1\" class=\"module_column tb-column col4-2 tb_bp3i23 first\">\n                    <!-- module plain text -->\n<div  class=\"module module-plain-text tb_cofe500 \" data-lazy=\"1\" id=\"h1152\">\n        <div class=\"tb_text_wrap\">\n    <h2>Direcci\u00f3n<\/h2>    <\/div>\n<\/div>\n<!-- \/module plain text --><!-- module plain text -->\n<div  class=\"module module-plain-text tb_jmyb492 \" data-lazy=\"1\">\n        <div class=\"tb_text_wrap\">\n    Plaza Mayor n\u00ba 7<br><br>\n46843 \u2013 Rafel de Salom<br><br>\nTelefono: 962813072<br><br>\nFax: 962814021    <\/div>\n<\/div>\n<!-- \/module plain text -->        <\/div>\n                    <div  data-lazy=\"1\" class=\"module_column tb-column col4-2 tb_uvp924 last\">\n                    <!-- module plain text -->\n<div  class=\"module module-plain-text tb_abk8201 \" data-lazy=\"1\" id=\"h1178\">\n        <div class=\"tb_text_wrap\">\n    <h2>Horario<\/h2>    <\/div>\n<\/div>\n<!-- \/module plain text --><!-- module plain text -->\n<div  class=\"module module-plain-text tb_egsa195 \" data-lazy=\"1\">\n        <div class=\"tb_text_wrap\">\n    De lunes a viernes<br><br>\nDe 11:30 h a 14:30 h\n    <\/div>\n<\/div>\n<!-- \/module plain text -->        <\/div>\n                        <\/div>\n        <\/div>\n                        <div  data-css_id=\"9fd1757\" data-lazy=\"1\" class=\"module_row themify_builder_row fullwidth tb_9fd1757 tf_w\">\n                        <div class=\"row_inner col_align_middle tb_col_count_2 tf_box tf_rel\">\n                        <div  data-lazy=\"1\" class=\"module_column tb-column col2-1 tb_4toa758 first\">\n                    <!-- module image -->\n<div  class=\"module module-image tb_ajj6780 image-top  borderojo auto_fullwidth tf_mw\" data-lazy=\"1\">\n        <div class=\"image-wrap tf_rel tf_mw\">\n            <img loading=\"lazy\" decoding=\"async\" src=\"https:\/\/rafoldesalem.websaccesibles.eu\/wp-content\/uploads\/sites\/16\/2022\/11\/movil-conecta-ayuntamiento.png\" width=\"717\" height=\"399\" title=\"Atenci\u00f3n al ciudadano\" alt=\"Atenci\u00f3n al ciudadano\">    \n        <\/div>\n    <!-- \/image-wrap -->\n    \n        <\/div>\n<!-- \/module image -->        <\/div>\n                    <div  data-lazy=\"1\" class=\"module_column tb-column col2-1 tb_bnjs759 last\">\n                    <!-- module text -->\n<div  class=\"module module-text tb_3eaq759   \" data-lazy=\"1\" id=\"h1089\">\n        <div  class=\"tb_text_wrap\">\n        <h2>CONECTA CON EL AYUNTAMIENTO<\/h2>\n<p><strong>S\u00edguenos en nuestras redes sociales<\/strong><\/p>    <\/div>\n<\/div>\n<!-- \/module text -->        <div  data-lazy=\"1\" class=\"module_subrow themify_builder_sub_row tf_w col_align_top tb_col_count_2 tb_i4qw759\">\n                <div  data-lazy=\"1\" class=\"module_column sub_column col2-1 tb_kzad759 first\">\n                    <!-- module buttons -->\n<div  class=\"module module-buttons tb_atj8759 buttons-horizontal solid  xlarge rounded\" data-lazy=\"1\">\n        <div class=\"module-buttons-item tf_in_flx\">\n                        <a href=\"#\" class=\"ui builder_button tf_in_flx transparent\" target=\"_blank\" rel=\"noopener\">\n                                    <em><svg  class=\"tf_fa tf-la-facebook\" xmlns:xlink=\"http:\/\/www.w3.org\/1999\/xlink\" aria-hidden=\"true\"><use href=\"#tf-la-facebook\" xlink:href=\"#tf-la-facebook\"><\/use><\/svg><\/em>                                        FACEBOOK                                        <\/a>\n                <\/div>\n            <\/div>\n<!-- \/module buttons -->\n        <\/div>\n                    <div  data-lazy=\"1\" class=\"module_column sub_column col2-1 tb_x3ds759 last\">\n                    <!-- module buttons -->\n<div  class=\"module module-buttons tb_5wic759 buttons-horizontal solid  xlarge rounded\" data-lazy=\"1\">\n        <div class=\"module-buttons-item tf_in_flx\">\n                        <a href=\"#\" class=\"ui builder_button tf_in_flx transparent\" target=\"_blank\" rel=\"noopener\">\n                                    <em><svg  class=\"tf_fa tf-la-whatsapp\" xmlns:xlink=\"http:\/\/www.w3.org\/1999\/xlink\" aria-hidden=\"true\"><use href=\"#tf-la-whatsapp\" xlink:href=\"#tf-la-whatsapp\"><\/use><\/svg><\/em>                                        WHATSAPP                                        <\/a>\n                <\/div>\n            <\/div>\n<!-- \/module buttons -->\n        <\/div>\n                    <\/div>\n                <\/div>\n                        <\/div>\n        <\/div>\n        <\/div>\n<!--\/themify_builder_content-->","protected":false},"excerpt":{"rendered":"<p>Atenci\u00f3n a la ciudadan\u00eda Direcci\u00f3n Plaza Mayor n\u00ba 7 46843 \u2013 Rafel de Salom Telefono: 962813072 Fax: 962814021 Horario De lunes a viernes De 11:30 h a 14:30 h CONECTA CON EL AYUNTAMIENTO S\u00edguenos en nuestras redes sociales FACEBOOK WHATSAPP<\/p>\n","protected":false},"author":1,"featured_media":0,"parent":0,"menu_order":0,"comment_status":"closed","ping_status":"closed","template":"","meta":{"footnotes":""},"class_list":["post-1206","page","type-page","status-publish","hentry","has-post-title","has-post-date","has-post-category","has-post-tag","has-post-comment","has-post-author",""],"builder_content":"<h1>Atenci\u00f3n a la ciudadan\u00eda<\/h1>\n<h2>Direcci\u00f3n<\/h2>\nPlaza Mayor n\u00ba 7<br><br> 46843 \u2013 Rafel de Salom<br><br> Telefono: 962813072<br><br> Fax: 962814021\n<h2>Horario<\/h2>\nDe lunes a viernes<br><br> De 11:30 h a 14:30 h\n<img src=\"https:\/\/rafoldesalem.websaccesibles.eu\/wp-content\/uploads\/sites\/16\/2022\/11\/movil-conecta-ayuntamiento.png\" width=\"717\" height=\"399\" title=\"Atenci\u00f3n al ciudadano\" alt=\"Atenci\u00f3n al ciudadano\">\n<h2>CONECTA CON EL AYUNTAMIENTO<\/h2> <p><strong>S\u00edguenos en nuestras redes sociales<\/strong><\/p>\n<a href=\"#\" target=\"_blank\" rel=\"noopener\"> <em><svg xmlns:xlink=\"http:\/\/www.w3.org\/1999\/xlink\" aria-hidden=\"true\"><use href=\"#tf-la-facebook\" xlink:href=\"#tf-la-facebook\"><\/use><\/svg><\/em> FACEBOOK <\/a>\n<a href=\"#\" target=\"_blank\" rel=\"noopener\"> <em><svg xmlns:xlink=\"http:\/\/www.w3.org\/1999\/xlink\" aria-hidden=\"true\"><use href=\"#tf-la-whatsapp\" xlink:href=\"#tf-la-whatsapp\"><\/use><\/svg><\/em> WHATSAPP <\/a>","_links":{"self":[{"href":"https:\/\/rafoldesalem.es\/es\/wp-json\/wp\/v2\/pages\/1206","targetHints":{"allow":["GET"]}}],"collection":[{"href":"https:\/\/rafoldesalem.es\/es\/wp-json\/wp\/v2\/pages"}],"about":[{"href":"https:\/\/rafoldesalem.es\/es\/wp-json\/wp\/v2\/types\/page"}],"author":[{"embeddable":true,"href":"https:\/\/rafoldesalem.es\/es\/wp-json\/wp\/v2\/users\/1"}],"replies":[{"embeddable":true,"href":"https:\/\/rafoldesalem.es\/es\/wp-json\/wp\/v2\/comments?post=1206"}],"version-history":[{"count":22,"href":"https:\/\/rafoldesalem.es\/es\/wp-json\/wp\/v2\/pages\/1206\/revisions"}],"predecessor-version":[{"id":2399,"href":"https:\/\/rafoldesalem.es\/es\/wp-json\/wp\/v2\/pages\/1206\/revisions\/2399"}],"wp:attachment":[{"href":"https:\/\/rafoldesalem.es\/es\/wp-json\/wp\/v2\/media?parent=1206"}],"curies":[{"name":"wp","href":"https:\/\/api.w.org\/{rel}","templated":true}]}}