{"id":1984,"date":"2022-11-14T13:04:33","date_gmt":"2022-11-14T12:04:33","guid":{"rendered":"https:\/\/rafoldesalem.websaccesibles.eu\/politica-de-privacidad\/"},"modified":"2022-11-15T10:55:42","modified_gmt":"2022-11-15T09:55:42","slug":"politica-de-privacidad","status":"publish","type":"page","link":"https:\/\/rafoldesalem.es\/es\/politica-de-privacidad\/","title":{"rendered":"Pol\u00edtica de privacidad"},"content":{"rendered":"\n<p>El Ayuntamiento tiene como una de sus prioridades garantizar el derecho fundamental a la protecci\u00f3n de los datos personales, tanto de los usuarios que se relacionen con su Administraci\u00f3n como de los propios empleados p\u00fablicos a su servicio.<\/p>\n\n<p>En este sentido, el Ayuntamiento manifiesta que el tratamiento de los datos de car\u00e1cter personal que pueda resultar necesario para el desarrollo de sus competencias a trav\u00e9s de su portal web se ajustar\u00e1 escrupulosamente a lo dispuesto en la Ley Org\u00e1nica 15\/1999, de Protecci\u00f3n de Datos de Car\u00e1cter Personal, ya la normativa de despliegue o conexo que pueda resultar de aplicaci\u00f3n en la actualidad o en un futuro.<\/p>\n\n<p>En concreto, todos los datos personales que puedan suministrarse por los interesados \u200b\u200ba trav\u00e9s de este portal no ser\u00e1n destinados a finalidades distintas de las expresadas en el momento de su aportaci\u00f3n, seg\u00fan el supuesto espec\u00edfico de que se trate, ni comunicados a terceros salvo en aquellos supuestos legales en los que pueda procederse a dicha comunicaci\u00f3n o se cuente con el consentimiento expreso del interesado. De igual modo, el tratamiento de los mismos se efectuar\u00e1 de modo confidencial. En cualquier caso, el Ayuntamiento podr\u00e1 hacer uso de los datos contenidos en sus ficheros con fines hist\u00f3ricos, estad\u00edsticos o cient\u00edficos. Los interesados \u200b\u200bser\u00e1n informados de la incorporaci\u00f3n de sus datos personales a ficheros, automatizados o no, de los fines, usos y, en su caso, de los posibles cesiones de sus datos en el momento se recaban los mismos.   <\/p>\n\n<p>No obstante, y con car\u00e1cter general, se informa a todos los usuarios que en el caso de aportar datos personales podr\u00e1n ejercitar los derechos de acceso, rectificaci\u00f3n, cancelaci\u00f3n y oposici\u00f3n dirigi\u00e9ndose por escrito al Registro de Entrada de:<\/p>\n\n<p>Ayuntamiento de R\u00e0fol de Salem<br\/>Plaza Mayor 7 &#8211; CP: 46843<br\/>Tel\u00e9fono: <a href=\"tel:962813072\" target=\"_blank\" rel=\"noreferrer noopener\">96 281 30 72<\/a><br\/>Correo electr\u00f3nico: <a rel=\"noreferrer noopener\" href=\"mailto:ajuntament@rafoldesalem.org\" target=\"_blank\">ajuntament@rafoldesalem.org<\/a><\/p>\n<!--themify_builder_content-->\n<div id=\"themify_builder_content-1984\" data-postid=\"1984\" class=\"themify_builder_content themify_builder_content-1984 themify_builder tf_clear\">\n    <\/div>\n<!--\/themify_builder_content-->\n","protected":false},"excerpt":{"rendered":"<p>El Ayuntamiento tiene como una de sus prioridades garantizar el derecho fundamental a la protecci\u00f3n de los datos personales, tanto de los usuarios que se relacionen con su Administraci\u00f3n como de los propios empleados p\u00fablicos a su servicio. En este sentido, el Ayuntamiento manifiesta que el tratamiento de los datos de car\u00e1cter personal que pueda [&hellip;]<\/p>\n","protected":false},"author":1,"featured_media":0,"parent":0,"menu_order":0,"comment_status":"closed","ping_status":"closed","template":"","meta":{"footnotes":""},"class_list":["post-1984","page","type-page","status-publish","hentry","has-post-title","has-post-date","has-post-category","has-post-tag","has-post-comment","has-post-author",""],"builder_content":"","_links":{"self":[{"href":"https:\/\/rafoldesalem.es\/es\/wp-json\/wp\/v2\/pages\/1984","targetHints":{"allow":["GET"]}}],"collection":[{"href":"https:\/\/rafoldesalem.es\/es\/wp-json\/wp\/v2\/pages"}],"about":[{"href":"https:\/\/rafoldesalem.es\/es\/wp-json\/wp\/v2\/types\/page"}],"author":[{"embeddable":true,"href":"https:\/\/rafoldesalem.es\/es\/wp-json\/wp\/v2\/users\/1"}],"replies":[{"embeddable":true,"href":"https:\/\/rafoldesalem.es\/es\/wp-json\/wp\/v2\/comments?post=1984"}],"version-history":[{"count":1,"href":"https:\/\/rafoldesalem.es\/es\/wp-json\/wp\/v2\/pages\/1984\/revisions"}],"predecessor-version":[{"id":1985,"href":"https:\/\/rafoldesalem.es\/es\/wp-json\/wp\/v2\/pages\/1984\/revisions\/1985"}],"wp:attachment":[{"href":"https:\/\/rafoldesalem.es\/es\/wp-json\/wp\/v2\/media?parent=1984"}],"curies":[{"name":"wp","href":"https:\/\/api.w.org\/{rel}","templated":true}]}}