{"id":2026,"date":"2022-11-09T13:15:37","date_gmt":"2022-11-09T12:15:37","guid":{"rendered":"https:\/\/rafoldesalem.websaccesibles.eu\/turismo\/cultura-y-patrimonio\/"},"modified":"2022-12-12T15:33:11","modified_gmt":"2022-12-12T14:33:11","slug":"cultura-y-patrimonio","status":"publish","type":"page","link":"https:\/\/rafoldesalem.es\/es\/turismo\/cultura-y-patrimonio\/","title":{"rendered":"Cultura y patrimonio"},"content":{"rendered":"<!--themify_builder_content-->\n<div id=\"themify_builder_content-2026\" data-postid=\"2026\" class=\"themify_builder_content themify_builder_content-2026 themify_builder tf_clear\">\n                    <div  id=\"h1334\" data-lazy=\"1\" class=\"module_row themify_builder_row tb_h0im076 tb_first tf_w\">\n                        <div class=\"row_inner col_align_top tb_col_count_1 tf_box tf_rel\">\n                        <div  data-lazy=\"1\" class=\"module_column tb-column col-full tb_efs3418 first\">\n                    <!-- module text -->\n<div  class=\"module module-text tb_f8x0046  repeat \" data-lazy=\"1\" id=\"h1149\">\n        <div  class=\"tb_text_wrap\">\n        <h1>Cultura y Patrimonio<\/h1>    <\/div>\n<\/div>\n<!-- \/module text -->        <\/div>\n                        <\/div>\n        <\/div>\n                        <div  data-lazy=\"1\" class=\"module_row themify_builder_row tb_6v9g497 tf_w\">\n                        <div class=\"row_inner col_align_top tb_col_count_1 tf_box tf_rel\">\n                        <div  data-lazy=\"1\" class=\"module_column tb-column col-full tb_2vlv498 first\">\n                    <!-- module text -->\n<div  class=\"module module-text tb_sewx499   \" data-lazy=\"1\" id=\"h1058\">\n        <div  class=\"tb_text_wrap\">\n        <h2>EDIFICIOS RELIGIOSOS<\/h2>    <\/div>\n<\/div>\n<!-- \/module text -->        <div  data-lazy=\"1\" class=\"module_subrow themify_builder_sub_row tf_w col_align_top tb_col_count_2 tb_c1jt499\">\n                <div  data-lazy=\"1\" class=\"module_column sub_column tb_z9wf499 first\">\n                    <!-- module text -->\n<div  class=\"module module-text tb_3m8x500   \" data-lazy=\"1\" id=\"h1226\">\n        <div  class=\"tb_text_wrap\">\n        <h3>IGLESIA PARROQUIAL DE SANTA MARIA DELS \u00c0NGELS<\/h3>\n    <\/div>\n<\/div>\n<!-- \/module text --><!-- module text -->\n<div  class=\"module module-text tb_nij2500   \" data-lazy=\"1\">\n        <div  class=\"tb_text_wrap\">\n        <p>Es el edificio m\u00e1s emblem\u00e1tico del pueblo. No tenemos documentos sobre este edificio, pero posiblemente lo levantaron por la d\u00e9cada de 1580. Demolieron el templo debido al terremoto de marzo de 1748, inmediatamente empezaron las obras de reconstrucci\u00f3n. Cuenta con un presbiterio de piedra picada (1748 &#8211; 1757), que se bendijo el p\u00e1rroco el 9 de octubre de 1757, d\u00eda en que el Sant\u00edsimo Sacramento volvi\u00f3 a ocupar el \u201cReservado\u201d del altar mayor. Hay un testigo con esa fecha en la piedra de la cabecera del templo.    <\/p>\n<p>Por los a\u00f1os 1780 \u2013 1786 se prolong\u00f3 la nave con 3 capillas laterales y una frontera muy austera. Lleg\u00f3 el momento de adquirir nuevas im\u00e1genes y retablos, la primera fue la de la Virgen de los \u00c1ngeles, obra del escultor Josep Esteve (1787). <\/p>\n<p>La iglesia fue pavimentada con baldosa del R\u00e0fol entre 1789 \u2013 1790, en algunos ladrillos consta la firma de los autores (Josep Herrero y Vicent Orts). En 1792 se adquiri\u00f3 la figura del Divino Salvador, obra tambi\u00e9n del escultor Esteve. Los retablos y las pinturas son obra del albaid\u00ed Venanci Pla. El retablo del altar mayor fue reemplazado en la d\u00e9cada de 1880.  <\/p>\n<p>La fachada del edificio fue renovada en los a\u00f1os 1907-1908 con el estilo que presenta ahora y entre 1908 y 1917 se edific\u00f3 el campanario y fue renovado el piso del templo. En 1928 se renovaron las puertas y en 1933 restauraron la decoraci\u00f3n pict\u00f3rica, repintada en 1985. <\/p>\n<p>Por desgracia, en 1936 fue destruido buena parte del patrimonio y el archivo. Se encargaron nuevas im\u00e1genes y retablos que son los que encontramos hoy en d\u00eda. <\/p>\n    <\/div>\n<\/div>\n<!-- \/module text -->        <\/div>\n                    <div  data-lazy=\"1\" class=\"module_column sub_column tb_1hh4500 last\">\n                    <!-- module text -->\n<div  class=\"module module-text tb_sqnu501   \" data-lazy=\"1\" id=\"h1222\">\n        <div  class=\"tb_text_wrap\">\n        <h3>ERMITA DE SANT BLAI Y SANT FRANCESC<\/h3>    <\/div>\n<\/div>\n<!-- \/module text --><!-- module text -->\n<div  class=\"module module-text tb_np0e501   \" data-lazy=\"1\">\n        <div  class=\"tb_text_wrap\">\n        <p>Seg\u00fan la tradici\u00f3n escrita en el archivo parroquial, dos agricultores (de Alc\u00fadia y del R\u00e0fol) cavaban un bancal cuando encontraron una figurita que identificaron con Sant Blai, el a\u00f1o 1430. Los dos pueblos disputaron la imagen y se lo llev\u00f3 el R\u00e1fol. <\/p>\n<p>Quiz\u00e1s fuera una figurita ib\u00e9rica, por el poblado que hab\u00eda en la Serreta. Se dice que pas\u00f3 en el a\u00f1o 1430 porque en la ermita hab\u00eda un mostrador g\u00f3tico. Lo m\u00e1s probable es que Luis de Bellv\u00eds, se\u00f1or de la baron\u00eda de la Hoya, decidiera edificar una ermita dedicada a San Blas para dar importancia a ese hallazgo. La devoci\u00f3n a San Francisco fue una imposici\u00f3n del se\u00f1or feudal, ya que era el santo protector de la familia Bellv\u00eds.   <\/p>\n<p>La antig\u00fcedad de la ermita est\u00e1 atestiguada por las obras de arte que conten\u00eda, m\u00e1s antiguas que el propio edificio. El retablo destruido en 1936 era una peque\u00f1a joya renacentista. Conten\u00eda cuatro lienzos de santos al \u00f3leo, probablemente datable hacia 1535 \u2013 1540. El retablo renacentista reemplazaba al g\u00f3tico de la primera ermita (1430), del que se conservan 3 fragmentos, incorporados a modo de decoraci\u00f3n en el retablo del siglo XVI. La ermita g\u00f3tica qued\u00f3 da\u00f1ada por el terremoto de 1644, para el a\u00f1o 1700 se reconstruy\u00f3, pero un nuevo terremoto en 1748 oblig\u00f3 a demolerla y levantar el actual edificio de arquitectura austera. En 1826 el vecindario decidi\u00f3 construir el campanario.     <\/p>\n<p>En 1854 sirvi\u00f3 de lazareto para los enfermos de c\u00f3lera. En noviembre del a\u00f1o 1884 el edificio qued\u00f3 da\u00f1ado a causa del diluvio de san Carlos y la campana se desplom\u00f3 dentro. Diez a\u00f1os despu\u00e9s se restaurar\u00e1. La \u00faltima restauraci\u00f3n se realiz\u00f3 en el a\u00f1o 1981.   <\/p>\n<p>Bajo de la ermita conserva el R\u00e0fol un bonito Calvario de 1879 \u2013 1880.<\/p>\n    <\/div>\n<\/div>\n<!-- \/module text -->        <\/div>\n                    <\/div>\n                <\/div>\n                        <\/div>\n        <\/div>\n                        <div  data-lazy=\"1\" class=\"module_row themify_builder_row tb_6nad959 tf_w\">\n                        <div class=\"row_inner col_align_top tb_col_count_1 tf_box tf_rel\">\n                        <div  data-lazy=\"1\" class=\"module_column tb-column col-full tb_07oy961 first\">\n                    <!-- module image -->\n<div  class=\"module module-image tb_s67v479 image-top   tf_mw\" data-lazy=\"1\" id=\"h1335\">\n        <div class=\"image-wrap tf_rel tf_mw\">\n            <img loading=\"lazy\" decoding=\"async\" src=\"https:\/\/rafoldesalem.websaccesibles.eu\/wp-content\/uploads\/sites\/16\/2022\/11\/cultura-patrimonio-pueblo.jpg\" width=\"1200\" height=\"800\" alt=\"Plano general del pueblo en el que destaca el campanario sobre el enramado de casas y zonas verdes. De fondo Castell\u00f3n de Rugat y su ermita. \">    \n        <\/div>\n    <!-- \/image-wrap -->\n    \n        <\/div>\n<!-- \/module image -->        <\/div>\n                        <\/div>\n        <\/div>\n                        <div  data-lazy=\"1\" class=\"module_row themify_builder_row tb_ems978 tf_w\">\n                        <div class=\"row_inner col_align_top tb_col_count_1 tf_box tf_rel\">\n                        <div  data-lazy=\"1\" class=\"module_column tb-column col-full tb_bbne78 first\">\n                    <!-- module text -->\n<div  class=\"module module-text tb_2pj0480   \" data-lazy=\"1\" id=\"h1156\">\n        <div  class=\"tb_text_wrap\">\n        <h2><span style=\"font-weight: 400;\">EDIFICIOS CIVILES<\/span><\/h2>    <\/div>\n<\/div>\n<!-- \/module text -->        <div  data-lazy=\"1\" class=\"module_subrow themify_builder_sub_row tf_w col_align_top tb_col_count_1 tb_g4dz218\">\n                <div  data-lazy=\"1\" class=\"module_column sub_column col-full tb_38zp219 first\">\n                    <!-- module text -->\n<div  class=\"module module-text tb_7vyi310   \" data-lazy=\"1\" id=\"h1227\">\n        <div  class=\"tb_text_wrap\">\n        <h3>LAVADERO<\/h3>    <\/div>\n<\/div>\n<!-- \/module text --><!-- module text -->\n<div  class=\"module module-text tb_acha528   \" data-lazy=\"1\">\n        <div  class=\"tb_text_wrap\">\n        <p>A los pies del n\u00facleo de casas encontramos el lavadero, que cuenta con un mont\u00f3n de 9,40 metros de longitud x 2 metros de ancho. Est\u00e1 instalado sobre el trazado de la acequia madre, los datos apuntan a que podr\u00eda haberse construido en el siglo XVIII y en 1916 la cubierta. Como en todos los pueblos que contaban con uno, el lavadero era punto de encuentro en el que las mujeres iban a lavar la ropa.  <\/p>\n<p>En 2016 fue restaurado con la apariencia que tiene actualmente.<\/p>\n    <\/div>\n<\/div>\n<!-- \/module text --><!-- module text -->\n<div  class=\"module module-text tb_6pzh618   \" data-lazy=\"1\" id=\"h1228\">\n        <div  class=\"tb_text_wrap\">\n        <h3>MOL\u00cd DE BAIX<\/h3>    <\/div>\n<\/div>\n<!-- \/module text --><!-- module text -->\n<div  class=\"module module-text tb_v1fs496   \" data-lazy=\"1\">\n        <div  class=\"tb_text_wrap\">\n        <p>Por detr\u00e1s del lavadero llegamos al molino de Baix. Este molino es uno de los parajes m\u00e1s emblem\u00e1ticos del t\u00e9rmino de R\u00e0fol. El emplazamiento es de tiempo de moros, pero el casal molinar que hoy conocemos es del siglo XVIII y fue construido por iniciativa del se\u00f1or del R\u00e0fol, que era el marqu\u00e9s de B\u00e9lgida. Situado junto al pueblo, restaurado y reconvertido en albergue para visitas escolares donde aprenden c\u00f3mo funcionaba la molienda de cereales.   <\/p>\n<p>El mol\u00ed de Baix, tambi\u00e9n conocido como el molino de Roberto, construido en 1857, est\u00e1 en buen estado, el mejor conservado de los seis que hab\u00eda en \u00e9poca medieval en la cabecera del r\u00edo Missena. Conten\u00eda una sala de molienda, muy bien conservada, un cuarto superior y la vivienda del molinero. <\/p>\n<p>El ayuntamiento adquiri\u00f3 el molino harinero de Baix en 1999, entre los a\u00f1os 2000-2001 la rehabilitaci\u00f3n, dejando su gesti\u00f3n a una empresa en albergues juveniles.<\/p>\n    <\/div>\n<\/div>\n<!-- \/module text --><!-- module text -->\n<div  class=\"module module-text tb_o0vf634   \" data-lazy=\"1\" id=\"h1234\">\n        <div  class=\"tb_text_wrap\">\n        <h3>LA ALM\u00c1SSERA \u201cEL SALVADOR\u201d DEL R\u00c0FOL DE SALEM<\/h3>    <\/div>\n<\/div>\n<!-- \/module text --><!-- module text -->\n<div  class=\"module module-text tb_x7h162   \" data-lazy=\"1\">\n        <div  class=\"tb_text_wrap\">\n        <p>Durante siglos la principal cosecha del pueblo era el aceite de oliva. Antiguamente hab\u00eda dos almazaras. Pero la actual, reconvertida en museo, se trataba de una cooperativa moderna construida en la d\u00e9cada de 1950. En el edificio se encontraban todos los elementos necesarios para el aceite. Hoy en d\u00eda se ha rehabilitado y convertido en museo en el que se pueden ver los elementos utilizados y entender su proceso. \u201c<\/p>\n    <\/div>\n<\/div>\n<!-- \/module text -->        <\/div>\n                    <\/div>\n                <\/div>\n                        <\/div>\n        <\/div>\n                        <div  data-lazy=\"1\" class=\"module_row themify_builder_row tb_9e0e565 tf_w\">\n                        <div class=\"row_inner col_align_top tb_col_count_1 tf_box tf_rel\">\n                        <div  data-lazy=\"1\" class=\"module_column tb-column col-full tb_kwzs568 first\">\n                    <!-- module gallery -->\n<div  class=\"module gallery module-gallery tb_8tdq975 layout-grid  \" data-lazy=\"1\" id=\"h1367\">\n    <div class=\"module-gallery-grid\" style=\"--gald:3;--galt:2;--galm:2\">\n            <dl class=\"gallery-item\">\n            <dt class=\"gallery-icon\">\n            <a data-title=\"\" title=\"\" href=\"https:\/\/rafoldesalem.es\/wp-content\/uploads\/2022\/11\/cultura-patrimoni-moli-de-baix-estancia.jpg\" data-rel=\"tb_8tdq975\" class=\"themify_lightbox\"><img loading=\"lazy\" decoding=\"async\" src=\"https:\/\/rafoldesalem.es\/wp-content\/uploads\/2022\/11\/cultura-patrimoni-moli-de-baix-estancia-1024x768-300x200.jpg\" width=\"300\" height=\"200\" class=\"wp-post-image wp-image-1022\" title=\"cultura-patrimoni-moli-de-baix-estancia\" alt=\"cultura-patrimoni-moli-de-baix-estancia\"><\/a>            <\/dt>\n                    <\/dl>\n            <dl class=\"gallery-item\">\n            <dt class=\"gallery-icon\">\n            <a data-title=\"\" title=\"\" href=\"https:\/\/rafoldesalem.es\/wp-content\/uploads\/2022\/11\/cultura-patrimoni-moli-de-baix-fachada.jpg\" data-rel=\"tb_8tdq975\" class=\"themify_lightbox\"><img loading=\"lazy\" decoding=\"async\" src=\"https:\/\/rafoldesalem.es\/wp-content\/uploads\/2022\/11\/cultura-patrimoni-moli-de-baix-fachada-1024x768-300x200.jpg\" width=\"300\" height=\"200\" class=\"wp-post-image wp-image-1024\" title=\"cultura-patrimoni-moli-de-baix-fachada\" alt=\"cultura-patrimoni-moli-de-baix-fachada\"><\/a>            <\/dt>\n                    <\/dl>\n            <dl class=\"gallery-item\">\n            <dt class=\"gallery-icon\">\n            <a data-title=\"\" title=\"\" href=\"https:\/\/rafoldesalem.es\/wp-content\/uploads\/2022\/11\/cultura-patrimoni-llavador.jpg\" data-rel=\"tb_8tdq975\" class=\"themify_lightbox\"><img loading=\"lazy\" decoding=\"async\" src=\"https:\/\/rafoldesalem.es\/wp-content\/uploads\/2022\/11\/cultura-patrimoni-llavador-1024x768-300x200.jpg\" width=\"300\" height=\"200\" class=\"wp-post-image wp-image-1018\" title=\"cultura-patrimoni-llavador\" alt=\"cultura-patrimoni-llavador\"><\/a>            <\/dt>\n                    <\/dl>\n            <dl class=\"gallery-item\">\n            <dt class=\"gallery-icon\">\n            <a data-title=\"\" title=\"\" href=\"https:\/\/rafoldesalem.es\/wp-content\/uploads\/2022\/11\/cultura-patrimoni-almassera-ruedas.jpg\" data-rel=\"tb_8tdq975\" class=\"themify_lightbox\"><img loading=\"lazy\" decoding=\"async\" src=\"https:\/\/rafoldesalem.es\/wp-content\/uploads\/2022\/11\/cultura-patrimoni-almassera-ruedas-768x1024-300x200.jpg\" width=\"300\" height=\"200\" class=\"wp-post-image wp-image-1008\" title=\"cultura-patrimoni-almassera-ruedas\" alt=\"cultura-patrimoni-almassera-ruedas\"><\/a>            <\/dt>\n                    <\/dl>\n            <dl class=\"gallery-item\">\n            <dt class=\"gallery-icon\">\n            <a data-title=\"\" title=\"\" href=\"https:\/\/rafoldesalem.es\/wp-content\/uploads\/2022\/11\/cultura-patrimoni-almassera.jpg\" data-rel=\"tb_8tdq975\" class=\"themify_lightbox\"><img loading=\"lazy\" decoding=\"async\" src=\"https:\/\/rafoldesalem.es\/wp-content\/uploads\/2022\/11\/cultura-patrimoni-almassera-768x1024-300x200.jpg\" width=\"300\" height=\"200\" class=\"wp-post-image wp-image-1004\" title=\"cultura-patrimoni-almassera\" alt=\"cultura-patrimoni-almassera\"><\/a>            <\/dt>\n                    <\/dl>\n            <dl class=\"gallery-item\">\n            <dt class=\"gallery-icon\">\n            <a data-title=\"\" title=\"\" href=\"https:\/\/rafoldesalem.es\/wp-content\/uploads\/2022\/11\/cultura-patrimoni-llavador-interior.jpg\" data-rel=\"tb_8tdq975\" class=\"themify_lightbox\"><img loading=\"lazy\" decoding=\"async\" src=\"https:\/\/rafoldesalem.es\/wp-content\/uploads\/2022\/11\/cultura-patrimoni-llavador-interior-1024x768-300x200.jpg\" width=\"300\" height=\"200\" class=\"wp-post-image wp-image-1027\" title=\"cultura-patrimoni-llavador-interior\" alt=\"cultura-patrimoni-llavador-interior\"><\/a>            <\/dt>\n                    <\/dl>\n            <dl class=\"gallery-item\">\n            <dt class=\"gallery-icon\">\n            <a data-title=\"\" title=\"\" href=\"https:\/\/rafoldesalem.es\/wp-content\/uploads\/2022\/11\/cultura-patrimoni-moli-de-baix.jpg\" data-rel=\"tb_8tdq975\" class=\"themify_lightbox\"><img loading=\"lazy\" decoding=\"async\" src=\"https:\/\/rafoldesalem.es\/wp-content\/uploads\/2022\/11\/cultura-patrimoni-moli-de-baix-1024x768-300x200.jpg\" width=\"300\" height=\"200\" class=\"wp-post-image wp-image-1020\" title=\"cultura-patrimoni-moli-de-baix\" alt=\"cultura-patrimoni-moli-de-baix\"><\/a>            <\/dt>\n                    <\/dl>\n            <dl class=\"gallery-item\">\n            <dt class=\"gallery-icon\">\n            <a data-title=\"\" title=\"\" href=\"https:\/\/rafoldesalem.es\/wp-content\/uploads\/2022\/11\/cultura-patrimoni-almassera-museo.jpg\" data-rel=\"tb_8tdq975\" class=\"themify_lightbox\"><img loading=\"lazy\" decoding=\"async\" src=\"https:\/\/rafoldesalem.es\/wp-content\/uploads\/2022\/11\/cultura-patrimoni-almassera-museo-1024x768-300x200.jpg\" width=\"300\" height=\"200\" class=\"wp-post-image wp-image-1006\" title=\"cultura-patrimoni-almassera-museo\" alt=\"cultura-patrimoni-almassera-museo\"><\/a>            <\/dt>\n                    <\/dl>\n            <dl class=\"gallery-item\">\n            <dt class=\"gallery-icon\">\n            <a data-title=\"\" title=\"\" href=\"https:\/\/rafoldesalem.es\/wp-content\/uploads\/2022\/11\/cultura-patrimoni-esglesia.jpg\" data-rel=\"tb_8tdq975\" class=\"themify_lightbox\"><img loading=\"lazy\" decoding=\"async\" src=\"https:\/\/rafoldesalem.es\/wp-content\/uploads\/2022\/11\/cultura-patrimoni-esglesia-768x1024-300x200.jpg\" width=\"300\" height=\"200\" class=\"wp-post-image wp-image-1014\" title=\"cultura-patrimoni-esglesia\" alt=\"cultura-patrimoni-esglesia\"><\/a>            <\/dt>\n                    <\/dl>\n            <dl class=\"gallery-item\">\n            <dt class=\"gallery-icon\">\n            <a data-title=\"\" title=\"\" href=\"https:\/\/rafoldesalem.es\/wp-content\/uploads\/2022\/11\/cultura-patrimoni-almassera-utensilios.jpg\" data-rel=\"tb_8tdq975\" class=\"themify_lightbox\"><img loading=\"lazy\" decoding=\"async\" src=\"https:\/\/rafoldesalem.es\/wp-content\/uploads\/2022\/11\/cultura-patrimoni-almassera-utensilios-1024x768-300x200.jpg\" width=\"300\" height=\"200\" class=\"wp-post-image wp-image-1010\" title=\"cultura-patrimoni-almassera-utensilios\" alt=\"cultura-patrimoni-almassera-utensilios\"><\/a>            <\/dt>\n                    <\/dl>\n            <dl class=\"gallery-item\">\n            <dt class=\"gallery-icon\">\n            <a data-title=\"\" title=\"\" href=\"https:\/\/rafoldesalem.es\/wp-content\/uploads\/2022\/11\/cultura-patrimoni-hermita.jpg\" data-rel=\"tb_8tdq975\" class=\"themify_lightbox\"><img loading=\"lazy\" decoding=\"async\" src=\"https:\/\/rafoldesalem.es\/wp-content\/uploads\/2022\/11\/cultura-patrimoni-hermita-1024x768-300x200.jpg\" width=\"300\" height=\"200\" class=\"wp-post-image wp-image-1016\" title=\"cultura-patrimoni-hermita\" alt=\"cultura-patrimoni-hermita\"><\/a>            <\/dt>\n                    <\/dl>\n            <dl class=\"gallery-item\">\n            <dt class=\"gallery-icon\">\n            <a data-title=\"\" title=\"\" href=\"https:\/\/rafoldesalem.es\/wp-content\/uploads\/2022\/11\/cultura-patrimoni-campanar-ermita.jpg\" data-rel=\"tb_8tdq975\" class=\"themify_lightbox\"><img loading=\"lazy\" decoding=\"async\" src=\"https:\/\/rafoldesalem.es\/wp-content\/uploads\/2022\/11\/cultura-patrimoni-campanar-ermita-1024x768-300x200.jpg\" width=\"300\" height=\"200\" class=\"wp-post-image wp-image-1012\" title=\"cultura-patrimoni-campanar-ermita\" alt=\"cultura-patrimoni-campanar-ermita\"><\/a>            <\/dt>\n                    <\/dl>\n    <\/div>\n<\/div>\n<!-- \/module gallery -->        <\/div>\n                        <\/div>\n        <\/div>\n        <\/div>\n<!--\/themify_builder_content-->","protected":false},"excerpt":{"rendered":"<p>Cultura y Patrimonio EDIFICIOS RELIGIOSOS IGLESIA PARROQUIAL DE SANTA MARIA DELS \u00c0NGELS Es el edificio m\u00e1s emblem\u00e1tico del pueblo. No tenemos documentos sobre este edificio, pero posiblemente lo levantaron por la d\u00e9cada de 1580. Demolieron el templo debido al terremoto de marzo de 1748, inmediatamente empezaron las obras de reconstrucci\u00f3n. Cuenta con un presbiterio de [&hellip;]<\/p>\n","protected":false},"author":1,"featured_media":0,"parent":1430,"menu_order":0,"comment_status":"closed","ping_status":"closed","template":"","meta":{"footnotes":""},"class_list":["post-2026","page","type-page","status-publish","hentry","has-post-title","has-post-date","has-post-category","has-post-tag","has-post-comment","has-post-author",""],"builder_content":"<h1>Cultura y Patrimonio<\/h1>\n<h2>EDIFICIOS RELIGIOSOS<\/h2>\n<h3>IGLESIA PARROQUIAL DE SANTA MARIA DELS \u00c0NGELS<\/h3>\n<p>Es el edificio m\u00e1s emblem\u00e1tico del pueblo. No tenemos documentos sobre este edificio, pero posiblemente lo levantaron por la d\u00e9cada de 1580. Demolieron el templo debido al terremoto de marzo de 1748, inmediatamente empezaron las obras de reconstrucci\u00f3n. Cuenta con un presbiterio de piedra picada (1748 - 1757), que se bendijo el p\u00e1rroco el 9 de octubre de 1757, d\u00eda en que el Sant\u00edsimo Sacramento volvi\u00f3 a ocupar el \u201cReservado\u201d del altar mayor. Hay un testigo con esa fecha en la piedra de la cabecera del templo. <\/p> <p>Por los a\u00f1os 1780 \u2013 1786 se prolong\u00f3 la nave con 3 capillas laterales y una frontera muy austera. Lleg\u00f3 el momento de adquirir nuevas im\u00e1genes y retablos, la primera fue la de la Virgen de los \u00c1ngeles, obra del escultor Josep Esteve (1787). <\/p> <p>La iglesia fue pavimentada con baldosa del R\u00e0fol entre 1789 \u2013 1790, en algunos ladrillos consta la firma de los autores (Josep Herrero y Vicent Orts). En 1792 se adquiri\u00f3 la figura del Divino Salvador, obra tambi\u00e9n del escultor Esteve. Los retablos y las pinturas son obra del albaid\u00ed Venanci Pla. El retablo del altar mayor fue reemplazado en la d\u00e9cada de 1880. <\/p> <p>La fachada del edificio fue renovada en los a\u00f1os 1907-1908 con el estilo que presenta ahora y entre 1908 y 1917 se edific\u00f3 el campanario y fue renovado el piso del templo. En 1928 se renovaron las puertas y en 1933 restauraron la decoraci\u00f3n pict\u00f3rica, repintada en 1985. <\/p> <p>Por desgracia, en 1936 fue destruido buena parte del patrimonio y el archivo. Se encargaron nuevas im\u00e1genes y retablos que son los que encontramos hoy en d\u00eda. <\/p>\n<h3>ERMITA DE SANT BLAI Y SANT FRANCESC<\/h3>\n<p>Seg\u00fan la tradici\u00f3n escrita en el archivo parroquial, dos agricultores (de Alc\u00fadia y del R\u00e0fol) cavaban un bancal cuando encontraron una figurita que identificaron con Sant Blai, el a\u00f1o 1430. Los dos pueblos disputaron la imagen y se lo llev\u00f3 el R\u00e1fol. <\/p> <p>Quiz\u00e1s fuera una figurita ib\u00e9rica, por el poblado que hab\u00eda en la Serreta. Se dice que pas\u00f3 en el a\u00f1o 1430 porque en la ermita hab\u00eda un mostrador g\u00f3tico. Lo m\u00e1s probable es que Luis de Bellv\u00eds, se\u00f1or de la baron\u00eda de la Hoya, decidiera edificar una ermita dedicada a San Blas para dar importancia a ese hallazgo. La devoci\u00f3n a San Francisco fue una imposici\u00f3n del se\u00f1or feudal, ya que era el santo protector de la familia Bellv\u00eds. <\/p> <p>La antig\u00fcedad de la ermita est\u00e1 atestiguada por las obras de arte que conten\u00eda, m\u00e1s antiguas que el propio edificio. El retablo destruido en 1936 era una peque\u00f1a joya renacentista. Conten\u00eda cuatro lienzos de santos al \u00f3leo, probablemente datable hacia 1535 \u2013 1540. El retablo renacentista reemplazaba al g\u00f3tico de la primera ermita (1430), del que se conservan 3 fragmentos, incorporados a modo de decoraci\u00f3n en el retablo del siglo XVI. La ermita g\u00f3tica qued\u00f3 da\u00f1ada por el terremoto de 1644, para el a\u00f1o 1700 se reconstruy\u00f3, pero un nuevo terremoto en 1748 oblig\u00f3 a demolerla y levantar el actual edificio de arquitectura austera. En 1826 el vecindario decidi\u00f3 construir el campanario. <\/p> <p>En 1854 sirvi\u00f3 de lazareto para los enfermos de c\u00f3lera. En noviembre del a\u00f1o 1884 el edificio qued\u00f3 da\u00f1ado a causa del diluvio de san Carlos y la campana se desplom\u00f3 dentro. Diez a\u00f1os despu\u00e9s se restaurar\u00e1. La \u00faltima restauraci\u00f3n se realiz\u00f3 en el a\u00f1o 1981. <\/p> <p>Bajo de la ermita conserva el R\u00e0fol un bonito Calvario de 1879 \u2013 1880.<\/p>\n<img src=\"https:\/\/rafoldesalem.websaccesibles.eu\/wp-content\/uploads\/sites\/16\/2022\/11\/cultura-patrimonio-pueblo.jpg\" width=\"1200\" height=\"800\" alt=\"Plano general del pueblo en el que destaca el campanario sobre el enramado de casas y zonas verdes. De fondo Castell\u00f3n de Rugat y su ermita. \">\n<h2>EDIFICIOS CIVILES<\/h2>\n<h3>LAVADERO<\/h3>\n<p>A los pies del n\u00facleo de casas encontramos el lavadero, que cuenta con un mont\u00f3n de 9,40 metros de longitud x 2 metros de ancho. Est\u00e1 instalado sobre el trazado de la acequia madre, los datos apuntan a que podr\u00eda haberse construido en el siglo XVIII y en 1916 la cubierta. Como en todos los pueblos que contaban con uno, el lavadero era punto de encuentro en el que las mujeres iban a lavar la ropa. <\/p> <p>En 2016 fue restaurado con la apariencia que tiene actualmente.<\/p>\n<h3>MOL\u00cd DE BAIX<\/h3>\n<p>Por detr\u00e1s del lavadero llegamos al molino de Baix. Este molino es uno de los parajes m\u00e1s emblem\u00e1ticos del t\u00e9rmino de R\u00e0fol. El emplazamiento es de tiempo de moros, pero el casal molinar que hoy conocemos es del siglo XVIII y fue construido por iniciativa del se\u00f1or del R\u00e0fol, que era el marqu\u00e9s de B\u00e9lgida. Situado junto al pueblo, restaurado y reconvertido en albergue para visitas escolares donde aprenden c\u00f3mo funcionaba la molienda de cereales. <\/p> <p>El mol\u00ed de Baix, tambi\u00e9n conocido como el molino de Roberto, construido en 1857, est\u00e1 en buen estado, el mejor conservado de los seis que hab\u00eda en \u00e9poca medieval en la cabecera del r\u00edo Missena. Conten\u00eda una sala de molienda, muy bien conservada, un cuarto superior y la vivienda del molinero. <\/p> <p>El ayuntamiento adquiri\u00f3 el molino harinero de Baix en 1999, entre los a\u00f1os 2000-2001 la rehabilitaci\u00f3n, dejando su gesti\u00f3n a una empresa en albergues juveniles.<\/p>\n<h3>LA ALM\u00c1SSERA \u201cEL SALVADOR\u201d DEL R\u00c0FOL DE SALEM<\/h3>\n<p>Durante siglos la principal cosecha del pueblo era el aceite de oliva. Antiguamente hab\u00eda dos almazaras. Pero la actual, reconvertida en museo, se trataba de una cooperativa moderna construida en la d\u00e9cada de 1950. En el edificio se encontraban todos los elementos necesarios para el aceite. Hoy en d\u00eda se ha rehabilitado y convertido en museo en el que se pueden ver los elementos utilizados y entender su proceso. \u201c<\/p>\n[gallery ids=\"1021,1023,1017,1007,1003,1026,1019,1005,1013,1009,1015,1011\"]","_links":{"self":[{"href":"https:\/\/rafoldesalem.es\/es\/wp-json\/wp\/v2\/pages\/2026","targetHints":{"allow":["GET"]}}],"collection":[{"href":"https:\/\/rafoldesalem.es\/es\/wp-json\/wp\/v2\/pages"}],"about":[{"href":"https:\/\/rafoldesalem.es\/es\/wp-json\/wp\/v2\/types\/page"}],"author":[{"embeddable":true,"href":"https:\/\/rafoldesalem.es\/es\/wp-json\/wp\/v2\/users\/1"}],"replies":[{"embeddable":true,"href":"https:\/\/rafoldesalem.es\/es\/wp-json\/wp\/v2\/comments?post=2026"}],"version-history":[{"count":7,"href":"https:\/\/rafoldesalem.es\/es\/wp-json\/wp\/v2\/pages\/2026\/revisions"}],"predecessor-version":[{"id":2796,"href":"https:\/\/rafoldesalem.es\/es\/wp-json\/wp\/v2\/pages\/2026\/revisions\/2796"}],"up":[{"embeddable":true,"href":"https:\/\/rafoldesalem.es\/es\/wp-json\/wp\/v2\/pages\/1430"}],"wp:attachment":[{"href":"https:\/\/rafoldesalem.es\/es\/wp-json\/wp\/v2\/media?parent=2026"}],"curies":[{"name":"wp","href":"https:\/\/api.w.org\/{rel}","templated":true}]}}