{"id":2112,"date":"2022-09-15T09:27:17","date_gmt":"2022-09-15T07:27:17","guid":{"rendered":"https:\/\/rafoldesalem.websaccesibles.eu\/inicio\/"},"modified":"2026-04-14T12:13:17","modified_gmt":"2026-04-14T10:13:17","slug":"inicio","status":"publish","type":"page","link":"https:\/\/rafoldesalem.es\/es\/","title":{"rendered":"Inicio"},"content":{"rendered":"<!--themify_builder_content-->\n<div id=\"themify_builder_content-2112\" data-postid=\"2112\" class=\"themify_builder_content themify_builder_content-2112 themify_builder tf_clear\">\n                    <div  id=\"h1301\" data-lazy=\"1\" class=\"module_row themify_builder_row tb_y41l166 tb_first tf_w\">\n                        <div class=\"row_inner col_align_top tb_col_count_1 tf_box tf_rel\">\n                        <div  data-lazy=\"1\" class=\"module_column tb-column col-full tb_3axf167 first\">\n                    <!-- module text -->\n<div  class=\"module module-text tb_u6rz167   \" data-lazy=\"1\" id=\"h2060\">\n        <div  class=\"tb_text_wrap\">\n        <h1>Bienvenidas y Bienvenidos a R\u00e1fol de Salem<\/h1>    <\/div>\n<\/div>\n<!-- \/module text -->        <\/div>\n                        <\/div>\n        <\/div>\n                        <div  data-lazy=\"1\" class=\"module_row themify_builder_row tb_mlk3765 tf_w\">\n                        <div class=\"row_inner col_align_top gutter-none tb_col_count_3 tf_box tf_rel\">\n                        <div  data-lazy=\"1\" class=\"module_column tb-column col3-1 tb_v5v9766 first\">\n                    <!-- module icon -->\n<div  class=\"module module-icon tb_w2hc704  xlarge none icon_vertical tf_textc\" data-lazy=\"1\">\n\t\t\t<div class=\"module-icon-item\">\n\t\t\t\t\t\t\t\t\t\t\t\t\t\t\t\t<img loading=\"lazy\" decoding=\"async\" src=\"https:\/\/rafoldesalem.es\/wp-content\/uploads\/2023\/02\/direccion-1.svg\" width=\"172\" height=\"171\" class=\"tf_box wp-post-image wp-image-3213\" title=\"Icon label\" alt=\"Icon label\">\t\t\t\t\t\t\t\t\t\t\t\t\t\t\t\t\t\t\t<span class=\"screen-reader-text\">Icon label<\/span>\n\t\t\t\t\t\t\t\t\t\t\t\t\t\t\t<\/div>\n\t<\/div>\n<!-- \/module icon -->\n<!-- module text -->\n<div  class=\"module module-text tb_nusb952   \" data-lazy=\"1\" id=\"h2062\">\n        <div  class=\"tb_text_wrap\">\n        <h2 style=\"text-align: center;\">Direcci\u00f3n<\/h2>\n<p style=\"text-align: center;\">Plaza Mayor, 7<br>46843 R\u00e1fol de Salem<br>TEL <a href=\"tel:962813072\" target=\"_blank\" rel=\"noopener\">962813072<\/a><\/p>    <\/div>\n<\/div>\n<!-- \/module text -->        <\/div>\n                    <div  data-lazy=\"1\" class=\"module_column tb-column col3-1 tb_y9x5225\">\n                    <!-- module icon -->\n<div  class=\"module module-icon tb_0aq8712  xlarge none icon_vertical tf_textc\" data-lazy=\"1\">\n\t\t\t<div class=\"module-icon-item\">\n\t\t\t\t\t\t\t\t\t\t\t\t\t\t\t\t<img loading=\"lazy\" decoding=\"async\" src=\"https:\/\/rafoldesalem.es\/wp-content\/uploads\/2023\/02\/oficina-1-1.svg\" width=\"172\" height=\"150\" class=\"tf_box wp-post-image wp-image-3229\" title=\"Icon label\" alt=\"Icon label\">\t\t\t\t\t\t\t\t\t\t\t\t\t\t\t\t\t\t\t<span class=\"screen-reader-text\">Icon label<\/span>\n\t\t\t\t\t\t\t\t\t\t\t\t\t\t\t<\/div>\n\t<\/div>\n<!-- \/module icon -->\n<!-- module text -->\n<div  class=\"module module-text tb_p7zd225   \" data-lazy=\"1\" id=\"h2063\">\n        <div  class=\"tb_text_wrap\">\n        <h2 style=\"text-align: center;\">Atenci\u00f3n Presencial<\/h2>\n<p style=\"text-align: center;\">Lunes a viernes<br \/>09.00 &#8211; 14.30 horas<\/p>    <\/div>\n<\/div>\n<!-- \/module text -->        <\/div>\n                    <div  data-lazy=\"1\" class=\"module_column tb-column col3-1 tb_gzv8569 last\">\n                    <!-- module icon -->\n<div  class=\"module module-icon tb_wldg436  xlarge none icon_vertical tf_textc\" data-lazy=\"1\">\n\t\t\t<div class=\"module-icon-item\">\n\t\t\t\t\t\t\t\t\t\t\t\t\t\t\t\t<img loading=\"lazy\" decoding=\"async\" src=\"https:\/\/rafoldesalem.es\/wp-content\/uploads\/2023\/02\/atencion-telefonica.svg\" width=\"173\" height=\"153\" class=\"tf_box wp-post-image wp-image-3149\" title=\"Icon label\" alt=\"Icon label\">\t\t\t\t\t\t\t\t\t\t\t\t\t\t\t\t\t\t\t<span class=\"screen-reader-text\">Icon label<\/span>\n\t\t\t\t\t\t\t\t\t\t\t\t\t\t\t<\/div>\n\t<\/div>\n<!-- \/module icon -->\n<!-- module text -->\n<div  class=\"module module-text tb_cruf569   \" data-lazy=\"1\" id=\"h2064\">\n        <div  class=\"tb_text_wrap\">\n        <h2 style=\"text-align: center;\">Atenci\u00f3n Telef\u00f3nica<\/h2>\n<p style=\"text-align: center;\">Lunes a viernes<br>8.30 &#8211; 14.30 horas<\/p>    <\/div>\n<\/div>\n<!-- \/module text -->        <\/div>\n                        <\/div>\n        <\/div>\n                        <div  data-lazy=\"1\" class=\"module_row themify_builder_row tb_oq3a655 tf_w\">\n                        <div class=\"row_inner col_align_top tb_col_count_1 tf_box tf_rel\">\n                        <div  data-lazy=\"1\" class=\"module_column tb-column col-full tb_ompr656 first\">\n                    <!-- module text -->\n<div  class=\"module module-text tb_vp0c680   \" data-lazy=\"1\" id=\"h2068\">\n        <div  class=\"tb_text_wrap\">\n        <h2>Destacados<\/h2>    <\/div>\n<\/div>\n<!-- \/module text -->        <\/div>\n                        <\/div>\n        <\/div>\n                        <div  data-lazy=\"1\" class=\"module_row themify_builder_row tb_emao319 tf_w\">\n                        <div class=\"row_inner col_align_top tb_col_count_3 tf_box tf_rel\">\n                        <div  data-lazy=\"1\" class=\"module_column tb-column col3-1 tb_wjtw320 first\">\n                    <!-- module icon -->\n<div  class=\"module module-icon tb_4vf2370  xlarge none icon_vertical tf_textc\" data-lazy=\"1\">\n\t\t\t<div class=\"module-icon-item\">\n\t\t\t\t\t\t\t\t\t\t\t\t\t\t\t\t<img decoding=\"async\" src=\"https:\/\/rafoldesalem.es\/wp-content\/uploads\/2023\/02\/atencion-ciudadania.svg\" width=\"150\" class=\"tf_box wp-post-image wp-image-3305\" title=\"Icon label\" alt=\"Icon label\">\t\t\t\t\t\t\t\t\t\t\t\t\t\t\t\t\t\t\t<span class=\"screen-reader-text\">Icon label<\/span>\n\t\t\t\t\t\t\t\t\t\t\t\t\t\t\t<\/div>\n\t<\/div>\n<!-- \/module icon -->\n<!-- module text -->\n<div  class=\"module module-text tb_qpog595   \" data-lazy=\"1\" id=\"h2134\">\n        <div  class=\"tb_text_wrap\">\n        <p><a href=\"https:\/\/rafoldesalem.es\/atencion-al-ciudadano\/?lang=es\">Atenci\u00f3n a<br \/>\nla ciudadan\u00eda<\/a><\/p>\n    <\/div>\n<\/div>\n<!-- \/module text -->        <\/div>\n                    <div  data-lazy=\"1\" class=\"module_column tb-column col3-1 tb_d2w1924\">\n                    <!-- module icon -->\n<div  class=\"module module-icon tb_xf2w722  xlarge none icon_vertical tf_textc\" data-lazy=\"1\">\n\t\t\t<div class=\"module-icon-item\">\n\t\t\t\t\t\t\t\t\t\t\t\t\t\t\t\t<img decoding=\"async\" src=\"https:\/\/rafoldesalem.es\/wp-content\/uploads\/2023\/02\/telefono.svg\" width=\"150\" class=\"tf_box wp-post-image wp-image-3152\" title=\"Icon label\" alt=\"Icon label\">\t\t\t\t\t\t\t\t\t\t\t\t\t\t\t\t\t\t\t<span class=\"screen-reader-text\">Icon label<\/span>\n\t\t\t\t\t\t\t\t\t\t\t\t\t\t\t<\/div>\n\t<\/div>\n<!-- \/module icon -->\n<!-- module text -->\n<div  class=\"module module-text tb_cxa8523   \" data-lazy=\"1\" id=\"h2213\">\n        <div  class=\"tb_text_wrap\">\n        <p><a href=\"https:\/\/rafoldesalem.es\/telefonos-de-interes\/?lang=es\">Tel\u00e9fonos<br \/>\nde Inter\u00e9s<\/a><\/p>\n    <\/div>\n<\/div>\n<!-- \/module text -->        <\/div>\n                    <div  data-lazy=\"1\" class=\"module_column tb-column col3-1 tb_7n0h677 last\">\n                    <!-- module icon -->\n<div  class=\"module module-icon tb_28rp336  xlarge none icon_vertical tf_textc\" data-lazy=\"1\">\n\t\t\t<div class=\"module-icon-item\">\n\t\t\t\t\t\t\t\t\t\t\t\t\t\t\t\t<img decoding=\"async\" src=\"https:\/\/rafoldesalem.es\/wp-content\/uploads\/2023\/02\/agencia-desarrollo-local.svg\" width=\"150\" class=\"tf_box wp-post-image wp-image-3320\" title=\"Icon label\" alt=\"Icon label\">\t\t\t\t\t\t\t\t\t\t\t\t\t\t\t\t\t\t\t<span class=\"screen-reader-text\">Icon label<\/span>\n\t\t\t\t\t\t\t\t\t\t\t\t\t\t\t<\/div>\n\t<\/div>\n<!-- \/module icon -->\n<!-- module text -->\n<div  class=\"module module-text tb_0dkt987   \" data-lazy=\"1\" id=\"h2128\">\n        <div  class=\"tb_text_wrap\">\n        <p><a href=\"https:\/\/rafoldesalem.es\/agencia-de-desarrollo-local\/?lang=es\" rel=\"noopener\">ADL &#8211; Agencia de<br \/>\ndesarrollo local<\/a><\/p>\n    <\/div>\n<\/div>\n<!-- \/module text -->        <\/div>\n                        <\/div>\n        <\/div>\n                        <div  data-lazy=\"1\" class=\"module_row themify_builder_row tb_bwtd211 tf_w\">\n                        <div class=\"row_inner col_align_top tb_col_count_3 tf_box tf_rel\">\n                        <div  data-lazy=\"1\" class=\"module_column tb-column col3-1 tb_d04a981 first\">\n                    <!-- module icon -->\n<div  class=\"module module-icon tb_ba4g492  xlarge none icon_vertical tf_textc\" data-lazy=\"1\">\n\t\t\t<div class=\"module-icon-item\">\n\t\t\t\t\t\t\t\t\t\t\t\t\t\t\t\t<img decoding=\"async\" src=\"https:\/\/rafoldesalem.es\/wp-content\/uploads\/2023\/02\/sede-electronica.svg\" width=\"150\" class=\"tf_box wp-post-image wp-image-3142\" title=\"Icon label\" alt=\"Icon label\">\t\t\t\t\t\t\t\t\t\t\t\t\t\t\t\t\t\t\t<span class=\"screen-reader-text\">Icon label<\/span>\n\t\t\t\t\t\t\t\t\t\t\t\t\t\t\t<\/div>\n\t<\/div>\n<!-- \/module icon -->\n<!-- module text -->\n<div  class=\"module module-text tb_ksl7299   \" data-lazy=\"1\" id=\"h2114\">\n        <div  class=\"tb_text_wrap\">\n        <p><a href=\"https:\/\/rafoldesalem.sedelectronica.es\/info.0\" target=\"_blank\" rel=\"noopener\">Sede electr\u00f3nica<\/a><\/p>    <\/div>\n<\/div>\n<!-- \/module text -->        <\/div>\n                    <div  data-lazy=\"1\" class=\"module_column tb-column col3-1 tb_ua1g179\">\n                    <!-- module icon -->\n<div  class=\"module module-icon tb_msw2477  xlarge none icon_vertical tf_textc\" data-lazy=\"1\">\n\t\t\t<div class=\"module-icon-item\">\n\t\t\t\t\t\t\t\t\t\t\t\t\t\t\t\t<img loading=\"lazy\" decoding=\"async\" src=\"https:\/\/rafoldesalem.es\/wp-content\/uploads\/2023\/02\/transparencia.svg\" width=\"172\" height=\"150\" class=\"tf_box wp-post-image wp-image-3144\" title=\"Icon label\" alt=\"Icon label\">\t\t\t\t\t\t\t\t\t\t\t\t\t\t\t\t\t\t\t<span class=\"screen-reader-text\">Icon label<\/span>\n\t\t\t\t\t\t\t\t\t\t\t\t\t\t\t<\/div>\n\t<\/div>\n<!-- \/module icon -->\n<!-- module text -->\n<div  class=\"module module-text tb_nszc511   \" data-lazy=\"1\" id=\"h2116\">\n        <div  class=\"tb_text_wrap\">\n        <p><a href=\"https:\/\/transparencia.rafoldesalem.es\/es\/\" target=\"_blank\" rel=\"noopener\">Transparencia<\/a><\/p>    <\/div>\n<\/div>\n<!-- \/module text -->        <\/div>\n                    <div  data-lazy=\"1\" class=\"module_column tb-column col3-1 tb_jlc459 last\">\n                    <!-- module icon -->\n<div  class=\"module module-icon tb_mnxt38  xlarge none icon_vertical tf_textc\" data-lazy=\"1\">\n\t\t\t<div class=\"module-icon-item\">\n\t\t\t\t\t\t\t\t\t\t\t\t\t\t\t\t<img decoding=\"async\" src=\"https:\/\/rafoldesalem.es\/wp-content\/uploads\/2023\/02\/perfil-contratante.svg\" width=\"150\" class=\"tf_box wp-post-image wp-image-3181\" title=\"Icon label\" alt=\"Icon label\">\t\t\t\t\t\t\t\t\t\t\t\t\t\t\t\t\t\t\t<span class=\"screen-reader-text\">Icon label<\/span>\n\t\t\t\t\t\t\t\t\t\t\t\t\t\t\t<\/div>\n\t<\/div>\n<!-- \/module icon -->\n<!-- module text -->\n<div  class=\"module module-text tb_ev2y735   \" data-lazy=\"1\" id=\"h2120\">\n        <div  class=\"tb_text_wrap\">\n        <p><a href=\"https:\/\/www.contratacion.gva.es\/WebContrataP\/filtro.jsp?language=C&amp;language=V&amp;MODO=P\" target=\"_blank\" rel=\"noopener\">Perfil del<br>Contratante<\/a><\/p>    <\/div>\n<\/div>\n<!-- \/module text -->        <\/div>\n                        <\/div>\n        <\/div>\n                        <div  data-lazy=\"1\" class=\"module_row themify_builder_row tb_6nzz647 tf_w\">\n                        <div class=\"row_inner col_align_top tb_col_count_1 tf_box tf_rel\">\n                        <div  data-lazy=\"1\" class=\"module_column tb-column col-full tb_k62y648 first\">\n                    <!-- module text -->\n<div  class=\"module module-text tb_nzb3648   \" data-lazy=\"1\" id=\"h2124\">\n        <div  class=\"tb_text_wrap\">\n        <h2>\u00daltimas noticias<\/h2>    <\/div>\n<\/div>\n<!-- \/module text -->        <\/div>\n                        <\/div>\n        <\/div>\n                        <div  data-css_id=\"815d285\" data-lazy=\"1\" class=\"module_row themify_builder_row fullwidth_row_container tb_815d285 tf_w\">\n                        <div class=\"row_inner col_align_top tb_col_count_1 tf_box tf_rel\">\n                        <div  data-lazy=\"1\" class=\"module_column tb-column col-full tb_xcn0285 first\">\n                    <!-- module post -->\n<div  class=\"module module-post tb_x9h4286  tb_fullwidth_image\">\n    <div  class=\"builder-posts-wrap loops-wrapper grid3 masonry classic tf_rel tf_clear tf_clearfix\" data-lazy=\"1\">\n    <article id=\"post-5407\" class=\"post tf_clearfix post-5407 type-post status-publish format-standard has-post-thumbnail hentry category-noticias has-post-title has-post-date has-post-category has-post-tag has-post-comment has-post-author \">\n\t    \n\t                <figure class=\"post-image tf_clearfix\">\n                                                            <a href=\"https:\/\/rafoldesalem.es\/es\/el-ayuntamiento-del-rafol-de-salem-ha-recibido-una-subvencion-para-la-realizacion-de-campanas-de-salud-publica-contra-vectores\/\">\n                                        <img loading=\"lazy\" decoding=\"async\" src=\"https:\/\/rafoldesalem.es\/wp-content\/uploads\/2026\/04\/vectors-1024x684-324x244.jpg\" width=\"324\" height=\"244\" class=\"wp-post-image wp-image-5405\" title=\"vectors\" alt=\"Mosquits\">                                                                    <\/a>\n                                                                <\/figure>\n                    \t<div class=\"post-content\">\n\t\t<div class=\"post-content-inner\">\n\n\t\t\t\t\t\t\t\t<div class=\"post-date-wrap post-date-inline\">\n\t\t<time class=\"post-date entry-date updated\" datetime=\"2026-04-08\">\n\t\t\t\t\t<span class=\"year\">08\/04\/2026<\/span>\n\t\t\t\t<\/time>\n\t<\/div><!-- .post-date-wrap -->\n\t\t\t\t\n\t\t\t<h2 class=\"post-title entry-title\"><a href=\"https:\/\/rafoldesalem.es\/es\/el-ayuntamiento-del-rafol-de-salem-ha-recibido-una-subvencion-para-la-realizacion-de-campanas-de-salud-publica-contra-vectores\/\">El Ayuntamiento del R\u00e0fol de Salem ha recibido una subvenci\u00f3n para la realizaci\u00f3n de campa\u00f1as de salud p\u00fablica contra vectores<\/a><\/h2>\n\t\t\t\n\t\t\t\n\t\t\t        <div class=\"entry-content\">\n\n        \n            <p>El Ayuntamiento del R\u00e0fol de Salem ha recibido una subvenci\u00f3n de 2.131,80 \u20ac por parte de la Diputaci\u00f3n Provincial de Val\u00e8ncia para la realizaci\u00f3n de [&hellip;]<\/p>\n\n                \n            \n        <\/div><!-- \/.entry-content -->\n        \n\t\t<\/div>\n\t\t<!-- \/.post-content-inner -->\n\t<\/div>\n\t<!-- \/.post-content -->\n\t\n<\/article>\n<!-- \/.post -->\n<article id=\"post-5376\" class=\"post tf_clearfix post-5376 type-post status-publish format-standard has-post-thumbnail hentry category-noticias has-post-title has-post-date has-post-category has-post-tag has-post-comment has-post-author \">\n\t    \n\t                <figure class=\"post-image tf_clearfix\">\n                                                            <a href=\"https:\/\/rafoldesalem.es\/es\/la-diputacion-de-valencia-concede-una-subvencion-al-rafol-de-salem-para-financiar-el-desarrollo-territorial-y-demografico\/\">\n                                        <img loading=\"lazy\" decoding=\"async\" src=\"https:\/\/rafoldesalem.es\/wp-content\/uploads\/2026\/03\/Supporting-local-1024x683-324x244.jpg\" width=\"324\" height=\"244\" class=\"wp-post-image wp-image-5374\" title=\"Supporting local\" alt=\"Comercio local\">                                                                    <\/a>\n                                                                <\/figure>\n                    \t<div class=\"post-content\">\n\t\t<div class=\"post-content-inner\">\n\n\t\t\t\t\t\t\t\t<div class=\"post-date-wrap post-date-inline\">\n\t\t<time class=\"post-date entry-date updated\" datetime=\"2026-01-07\">\n\t\t\t\t\t<span class=\"year\">07\/01\/2026<\/span>\n\t\t\t\t<\/time>\n\t<\/div><!-- .post-date-wrap -->\n\t\t\t\t\n\t\t\t<h2 class=\"post-title entry-title\"><a href=\"https:\/\/rafoldesalem.es\/es\/la-diputacion-de-valencia-concede-una-subvencion-al-rafol-de-salem-para-financiar-el-desarrollo-territorial-y-demografico\/\">La Diputaci\u00f3n de Valencia concede una subvenci\u00f3n al R\u00e0fol de Salem para financiar el desarrollo territorial y demogr\u00e1fico<\/a><\/h2>\n\t\t\t\n\t\t\t\n\t\t\t        <div class=\"entry-content\">\n\n        \n            <p>La Diputaci\u00f3n de Valencia ha concedido al Ayuntamiento de R\u00e0fol de Salem una subvenci\u00f3n de 6.002,20 euros dentro de la convocatoria destinada a impulsar proyectos [&hellip;]<\/p>\n\n                \n            \n        <\/div><!-- \/.entry-content -->\n        \n\t\t<\/div>\n\t\t<!-- \/.post-content-inner -->\n\t<\/div>\n\t<!-- \/.post-content -->\n\t\n<\/article>\n<!-- \/.post -->\n<article id=\"post-5320\" class=\"post tf_clearfix post-5320 type-post status-publish format-standard has-post-thumbnail hentry category-noticias has-post-title has-post-date has-post-category has-post-tag has-post-comment has-post-author \">\n\t    \n\t                <figure class=\"post-image tf_clearfix\">\n                                                            <a href=\"https:\/\/rafoldesalem.es\/es\/el-rafol-de-salem-obtiene-una-subvencion-de-la-generalitat-valenciana-en-materia-de-comercio-artesania-y-consumo\/\">\n                                        <img loading=\"lazy\" decoding=\"async\" src=\"https:\/\/rafoldesalem.es\/wp-content\/uploads\/2025\/12\/conselleria-innovacion-industria-comercio-y-turismo-324x244.jpg\" width=\"324\" height=\"244\" class=\"wp-post-image wp-image-5292\" title=\"conselleria innovacion, industria comercio y turismo\" alt=\"conselleria innovacion, industria comercio y turismo\">                                                                    <\/a>\n                                                                <\/figure>\n                    \t<div class=\"post-content\">\n\t\t<div class=\"post-content-inner\">\n\n\t\t\t\t\t\t\t\t<div class=\"post-date-wrap post-date-inline\">\n\t\t<time class=\"post-date entry-date updated\" datetime=\"2025-12-23\">\n\t\t\t\t\t<span class=\"year\">23\/12\/2025<\/span>\n\t\t\t\t<\/time>\n\t<\/div><!-- .post-date-wrap -->\n\t\t\t\t\n\t\t\t<h2 class=\"post-title entry-title\"><a href=\"https:\/\/rafoldesalem.es\/es\/el-rafol-de-salem-obtiene-una-subvencion-de-la-generalitat-valenciana-en-materia-de-comercio-artesania-y-consumo\/\">El R\u00e0fol de Salem obtiene una subvenci\u00f3n de la Generalitat Valenciana en materia de comercio, artesan\u00eda y consumo.<\/a><\/h2>\n\t\t\t\n\t\t\t\n\t\t\t        <div class=\"entry-content\">\n\n        \n            <p>El ayuntamiento ha recibido de parte de la Consejer\u00eda de Innovaci\u00f3n, Industria, Comercio y Turismo una subvenci\u00f3n en materia de comercio, artesan\u00eda y consumo de [&hellip;]<\/p>\n\n                \n            \n        <\/div><!-- \/.entry-content -->\n        \n\t\t<\/div>\n\t\t<!-- \/.post-content-inner -->\n\t<\/div>\n\t<!-- \/.post-content -->\n\t\n<\/article>\n<!-- \/.post -->\n    <\/div><!-- .builder-posts-wrap -->\n            <\/div>\n<!-- \/module post -->\n            <\/div>\n                        <\/div>\n        <\/div>\n                        <div  data-lazy=\"1\" class=\"module_row themify_builder_row tb_6h3r520 tf_w\">\n                        <div class=\"row_inner col_align_top tb_col_count_1 tf_box tf_rel\">\n                        <div  data-lazy=\"1\" class=\"module_column tb-column col-full tb_5c4y521 first\">\n                    <!-- module buttons -->\n<div  class=\"module module-buttons tb_4bw6254 buttons-horizontal solid  large rounded\" data-lazy=\"1\" id=\"h2126\">\n        <div class=\"module-buttons-item tf_in_flx\">\n                        <a href=\"\/noticias\/?lang=es\" class=\"ui builder_button tf_in_flx transparent\" >\n                                                M\u00e1s noticias                                        <\/a>\n                <\/div>\n            <\/div>\n<!-- \/module buttons -->\n        <\/div>\n                        <\/div>\n        <\/div>\n                        <div  data-css_id=\"0e0b42\" data-lazy=\"1\" class=\"module_row themify_builder_row fullwidth tb_0e0b42 tf_w\">\n                        <div class=\"row_inner col_align_middle tb_col_count_2 tf_box tf_rel\">\n                        <div  data-lazy=\"1\" class=\"module_column tb-column tb_9bqy43 first\">\n                    <!-- module image -->\n<div  class=\"module module-image tb_yjlf406 image-top  borderojo auto_fullwidth tf_mw\" data-lazy=\"1\">\n        <div class=\"image-wrap tf_rel tf_mw\">\n            <img loading=\"lazy\" decoding=\"async\" src=\"https:\/\/rafoldesalem.websaccesibles.eu\/wp-content\/uploads\/sites\/16\/2022\/11\/movil-conecta-ayuntamiento.png\" width=\"717\" height=\"399\" title=\"Inicio\" alt=\"Inicio\">    \n        <\/div>\n    <!-- \/image-wrap -->\n    \n        <\/div>\n<!-- \/module image -->        <\/div>\n                    <div  data-lazy=\"1\" class=\"module_column tb-column tb_96n644 last\">\n                    <!-- module text -->\n<div  class=\"module module-text tb_hsta91   \" data-lazy=\"1\" id=\"h2088\">\n        <div  class=\"tb_text_wrap\">\n        <h2>CONECTA CON EL AYUNTAMIENTO<\/h2>    <\/div>\n<\/div>\n<!-- \/module text --><!-- module text -->\n<div  class=\"module module-text tb_80jy538   \" data-lazy=\"1\">\n        <div  class=\"tb_text_wrap\">\n        <p><strong>S\u00edguenos en nuestras redes sociales<\/strong><\/p>    <\/div>\n<\/div>\n<!-- \/module text -->        <div  data-lazy=\"1\" class=\"module_subrow themify_builder_sub_row tf_w col_align_top tb_col_count_2 tb_atec304\">\n                <div  data-lazy=\"1\" class=\"module_column sub_column tb_c638305 first\">\n                    <!-- module buttons -->\n<div  class=\"module module-buttons tb_v276484 buttons-horizontal solid  xlarge rounded\" data-lazy=\"1\">\n        <div class=\"module-buttons-item tf_in_flx\">\n                        <a href=\"https:\/\/es-es.facebook.com\/ajuntamentrafoldesalem\/\" class=\"ui builder_button tf_in_flx transparent\" target=\"_blank\" rel=\"noopener\">\n                                    <em><svg  class=\"tf_fa tf-la-facebook\" xmlns:xlink=\"http:\/\/www.w3.org\/1999\/xlink\" aria-hidden=\"true\"><use href=\"#tf-la-facebook\" xlink:href=\"#tf-la-facebook\"><\/use><\/svg><\/em>                                        FACEBOOK                                        <\/a>\n                <\/div>\n            <\/div>\n<!-- \/module buttons -->\n        <\/div>\n                    <div  data-lazy=\"1\" class=\"module_column sub_column tb_db0f306 last\">\n                    <!-- module buttons -->\n<div  class=\"module module-buttons tb_4bit708 buttons-horizontal solid  xlarge rounded\" data-lazy=\"1\">\n        <div class=\"module-buttons-item tf_in_flx\">\n                        <a href=\"https:\/\/wa.me\/34673441793\" class=\"ui builder_button tf_in_flx transparent\" target=\"_blank\" rel=\"noopener\">\n                                    <em><svg  class=\"tf_fa tf-la-whatsapp\" xmlns:xlink=\"http:\/\/www.w3.org\/1999\/xlink\" aria-hidden=\"true\"><use href=\"#tf-la-whatsapp\" xlink:href=\"#tf-la-whatsapp\"><\/use><\/svg><\/em>                                        WHATSAPP                                        <\/a>\n                <\/div>\n            <\/div>\n<!-- \/module buttons -->\n        <\/div>\n                    <\/div>\n                <\/div>\n                        <\/div>\n        <\/div>\n                        <div  data-css_id=\"9msk611\" data-lazy=\"1\" class=\"module_row themify_builder_row fullwidth_row_container tb_9msk611 tf_w\">\n                        <div class=\"row_inner col_align_middle tb_col_count_2 tf_box tf_rel\">\n                        <div  data-lazy=\"1\" class=\"module_column tb-column col4-2 tb_pzu7923 first\">\n                    <!-- module image -->\n<div  class=\"module module-image tb_kkrc125 image-top   tf_mw\" data-lazy=\"1\">\n        <div class=\"image-wrap tf_rel tf_mw\">\n            <a href=\"https:\/\/ajuntamentsdevalencia-cdn.digitalvalue.es\/app\/va.html\" rel=\"noopener\" target=\"_blank\">\n                   <img loading=\"lazy\" decoding=\"async\" src=\"https:\/\/rafoldesalem.websaccesibles.eu\/wp-content\/uploads\/sites\/16\/2022\/12\/app-ayuntamiento-rafol.png\" width=\"500\" height=\"500\" title=\"Inicio\" alt=\"Inicio\">        <\/a>\n    \n        <\/div>\n    <!-- \/image-wrap -->\n    \n        <\/div>\n<!-- \/module image -->        <\/div>\n                    <div  data-lazy=\"1\" class=\"module_column tb-column col4-2 tb_460m612 last\">\n                    <!-- module text -->\n<div  class=\"module module-text tb_7px7221   \" data-lazy=\"1\" id=\"h2086\">\n        <div  class=\"tb_text_wrap\">\n        <h2><a href=\"https:\/\/ajuntamentsdevalencia-cdn.digitalvalue.es\/app\/va.html\" target=\"_blank\" rel=\"noopener\">APP OFICIAL<\/a><\/h2>\n<h3>AYUNTAMIENTOS DE VALENCIA<\/h3>\n<p>El ayuntamiento en tu mano<\/p>    <\/div>\n<\/div>\n<!-- \/module text -->        <div  data-lazy=\"1\" class=\"module_subrow themify_builder_sub_row tf_w col_align_middle tb_col_count_3 tb_3i4c395\">\n                <div  data-lazy=\"1\" class=\"module_column sub_column col3-1 tb_oeoq396 first\">\n                    <!-- module image -->\n<div  class=\"module module-image tb_nqj4824 image-top   tf_mw\" data-lazy=\"1\">\n        <div class=\"image-wrap tf_rel tf_mw\">\n            <img decoding=\"async\" src=\"https:\/\/rafoldesalem.websaccesibles.eu\/wp-content\/uploads\/sites\/16\/2022\/11\/bell-ring-1.svg\" title=\"Inicio\" alt=\"Inicio\">    \n        <\/div>\n    <!-- \/image-wrap -->\n    \n        <\/div>\n<!-- \/module image --><!-- module text -->\n<div  class=\"module module-text tb_nrxz219   \" data-lazy=\"1\">\n        <div  class=\"tb_text_wrap\">\n        <p style=\"text-align: center;\">noticias y<br>avisos<\/p>    <\/div>\n<\/div>\n<!-- \/module text -->        <\/div>\n                    <div  data-lazy=\"1\" class=\"module_column sub_column col3-1 tb_lmkh166\">\n                    <!-- module image -->\n<div  class=\"module module-image tb_r95b167 image-top   tf_mw\" data-lazy=\"1\">\n        <div class=\"image-wrap tf_rel tf_mw\">\n            <img decoding=\"async\" src=\"https:\/\/rafoldesalem.websaccesibles.eu\/wp-content\/uploads\/sites\/16\/2022\/11\/help-1.svg\" title=\"Inicio\" alt=\"Inicio\">    \n        <\/div>\n    <!-- \/image-wrap -->\n    \n        <\/div>\n<!-- \/module image --><!-- module text -->\n<div  class=\"module module-text tb_21qw167   \" data-lazy=\"1\">\n        <div  class=\"tb_text_wrap\">\n        <p style=\"text-align: center;\">servicios<br>municipales<\/p>    <\/div>\n<\/div>\n<!-- \/module text -->        <\/div>\n                    <div  data-lazy=\"1\" class=\"module_column sub_column col3-1 tb_zqbd226 last\">\n                    <!-- module image -->\n<div  class=\"module module-image tb_r0sa227 image-top   tf_mw\" data-lazy=\"1\">\n        <div class=\"image-wrap tf_rel tf_mw\">\n            <img decoding=\"async\" src=\"https:\/\/rafoldesalem.websaccesibles.eu\/wp-content\/uploads\/sites\/16\/2022\/11\/map-1.svg\" title=\"Inicio\" alt=\"Inicio\">    \n        <\/div>\n    <!-- \/image-wrap -->\n    \n        <\/div>\n<!-- \/module image --><!-- module text -->\n<div  class=\"module module-text tb_i2uy227   \" data-lazy=\"1\">\n        <div  class=\"tb_text_wrap\">\n        <p style=\"text-align: center;\">mapas y<br>rutas<\/p>    <\/div>\n<\/div>\n<!-- \/module text -->        <\/div>\n                    <\/div>\n                <\/div>\n                        <\/div>\n        <\/div>\n        <\/div>\n<!--\/themify_builder_content-->","protected":false},"excerpt":{"rendered":"<p>Bienvenidas y Bienvenidos a R\u00e1fol de Salem<\/p>\n","protected":false},"author":1,"featured_media":0,"parent":0,"menu_order":0,"comment_status":"closed","ping_status":"closed","template":"","meta":{"footnotes":""},"class_list":["post-2112","page","type-page","status-publish","hentry","has-post-title","has-post-date","has-post-category","has-post-tag","has-post-comment","has-post-author",""],"builder_content":"<h1>Bienvenidas y Bienvenidos a R\u00e1fol de Salem<\/h1>\n<img src=\"https:\/\/rafoldesalem.es\/wp-content\/uploads\/2023\/02\/direccion-1.svg\" width=\"172\" height=\"171\" title=\"Icon label\" alt=\"Icon label\"> Icon label\n<h2 style=\"text-align: center;\">Direcci\u00f3n<\/h2> <p style=\"text-align: center;\">Plaza Mayor, 7<br>46843 R\u00e1fol de Salem<br>TEL <a href=\"tel:962813072\" target=\"_blank\" rel=\"noopener\">962813072<\/a><\/p>\n<img src=\"https:\/\/rafoldesalem.es\/wp-content\/uploads\/2023\/02\/oficina-1-1.svg\" width=\"172\" height=\"150\" title=\"Icon label\" alt=\"Icon label\"> Icon label\n<h2 style=\"text-align: center;\">Atenci\u00f3n Presencial<\/h2> <p style=\"text-align: center;\">Lunes a viernes<br \/>09.00 - 14.30 horas<\/p>\n<img src=\"https:\/\/rafoldesalem.es\/wp-content\/uploads\/2023\/02\/atencion-telefonica.svg\" width=\"173\" height=\"153\" title=\"Icon label\" alt=\"Icon label\"> Icon label\n<h2 style=\"text-align: center;\">Atenci\u00f3n Telef\u00f3nica<\/h2> <p style=\"text-align: center;\">Lunes a viernes<br>8.30 - 14.30 horas<\/p>\n<h2>Destacados<\/h2>\n<img src=\"https:\/\/rafoldesalem.es\/wp-content\/uploads\/2023\/02\/atencion-ciudadania.svg\" width=\"150\" title=\"Icon label\" alt=\"Icon label\"> Icon label\n<p><a href=\"https:\/\/rafoldesalem.es\/atencion-al-ciudadano\/?lang=es\">Atenci\u00f3n a<br \/> la ciudadan\u00eda<\/a><\/p>\n<img src=\"https:\/\/rafoldesalem.es\/wp-content\/uploads\/2023\/02\/telefono.svg\" width=\"150\" title=\"Icon label\" alt=\"Icon label\"> Icon label\n<p><a href=\"https:\/\/rafoldesalem.es\/telefonos-de-interes\/?lang=es\">Tel\u00e9fonos<br \/> de Inter\u00e9s<\/a><\/p>\n<img src=\"https:\/\/rafoldesalem.es\/wp-content\/uploads\/2023\/02\/agencia-desarrollo-local.svg\" width=\"150\" title=\"Icon label\" alt=\"Icon label\"> Icon label\n<p><a href=\"https:\/\/rafoldesalem.es\/agencia-de-desarrollo-local\/?lang=es\" rel=\"noopener\">ADL - Agencia de<br \/> desarrollo local<\/a><\/p>\n<img src=\"https:\/\/rafoldesalem.es\/wp-content\/uploads\/2023\/02\/sede-electronica.svg\" width=\"150\" title=\"Icon label\" alt=\"Icon label\"> Icon label\n<p><a href=\"https:\/\/rafoldesalem.sedelectronica.es\/info.0\" target=\"_blank\" rel=\"noopener\">Sede electr\u00f3nica<\/a><\/p>\n<img src=\"https:\/\/rafoldesalem.es\/wp-content\/uploads\/2023\/02\/transparencia.svg\" width=\"172\" height=\"150\" title=\"Icon label\" alt=\"Icon label\"> Icon label\n<p><a href=\"https:\/\/transparencia.rafoldesalem.es\/es\/\" target=\"_blank\" rel=\"noopener\">Transparencia<\/a><\/p>\n<img src=\"https:\/\/rafoldesalem.es\/wp-content\/uploads\/2023\/02\/perfil-contratante.svg\" width=\"150\" title=\"Icon label\" alt=\"Icon label\"> Icon label\n<p><a href=\"https:\/\/www.contratacion.gva.es\/WebContrataP\/filtro.jsp?language=C&amp;language=V&amp;MODO=P\" target=\"_blank\" rel=\"noopener\">Perfil del<br>Contratante<\/a><\/p>\n<h2>\u00daltimas noticias<\/h2>\n<a href=\"\/noticias\/?lang=es\" > M\u00e1s noticias <\/a>\n<img src=\"https:\/\/rafoldesalem.websaccesibles.eu\/wp-content\/uploads\/sites\/16\/2022\/11\/movil-conecta-ayuntamiento.png\" width=\"717\" height=\"399\" title=\"Inicio\" alt=\"Inicio\">\n<h2>CONECTA CON EL AYUNTAMIENTO<\/h2>\n<p><strong>S\u00edguenos en nuestras redes sociales<\/strong><\/p>\n<a href=\"https:\/\/es-es.facebook.com\/ajuntamentrafoldesalem\/\" target=\"_blank\" rel=\"noopener\"> <em><svg xmlns:xlink=\"http:\/\/www.w3.org\/1999\/xlink\" aria-hidden=\"true\"><use href=\"#tf-la-facebook\" xlink:href=\"#tf-la-facebook\"><\/use><\/svg><\/em> FACEBOOK <\/a>\n<a href=\"https:\/\/wa.me\/34673441793\" target=\"_blank\" rel=\"noopener\"> <em><svg xmlns:xlink=\"http:\/\/www.w3.org\/1999\/xlink\" aria-hidden=\"true\"><use href=\"#tf-la-whatsapp\" xlink:href=\"#tf-la-whatsapp\"><\/use><\/svg><\/em> WHATSAPP <\/a>\n<a href=\"https:\/\/ajuntamentsdevalencia-cdn.digitalvalue.es\/app\/va.html\" rel=\"noopener\" target=\"_blank\"> <img src=\"https:\/\/rafoldesalem.websaccesibles.eu\/wp-content\/uploads\/sites\/16\/2022\/12\/app-ayuntamiento-rafol.png\" width=\"500\" height=\"500\" title=\"Inicio\" alt=\"Inicio\"> <\/a>\n<h2><a href=\"https:\/\/ajuntamentsdevalencia-cdn.digitalvalue.es\/app\/va.html\" target=\"_blank\" rel=\"noopener\">APP OFICIAL<\/a><\/h2> <h3>AYUNTAMIENTOS DE VALENCIA<\/h3> <p>El ayuntamiento en tu mano<\/p>\n<img src=\"https:\/\/rafoldesalem.websaccesibles.eu\/wp-content\/uploads\/sites\/16\/2022\/11\/bell-ring-1.svg\" title=\"Inicio\" alt=\"Inicio\">\n<p style=\"text-align: center;\">noticias y<br>avisos<\/p>\n<img src=\"https:\/\/rafoldesalem.websaccesibles.eu\/wp-content\/uploads\/sites\/16\/2022\/11\/help-1.svg\" title=\"Inicio\" alt=\"Inicio\">\n<p style=\"text-align: center;\">servicios<br>municipales<\/p>\n<img src=\"https:\/\/rafoldesalem.websaccesibles.eu\/wp-content\/uploads\/sites\/16\/2022\/11\/map-1.svg\" title=\"Inicio\" alt=\"Inicio\">\n<p style=\"text-align: center;\">mapas y<br>rutas<\/p>","_links":{"self":[{"href":"https:\/\/rafoldesalem.es\/es\/wp-json\/wp\/v2\/pages\/2112","targetHints":{"allow":["GET"]}}],"collection":[{"href":"https:\/\/rafoldesalem.es\/es\/wp-json\/wp\/v2\/pages"}],"about":[{"href":"https:\/\/rafoldesalem.es\/es\/wp-json\/wp\/v2\/types\/page"}],"author":[{"embeddable":true,"href":"https:\/\/rafoldesalem.es\/es\/wp-json\/wp\/v2\/users\/1"}],"replies":[{"embeddable":true,"href":"https:\/\/rafoldesalem.es\/es\/wp-json\/wp\/v2\/comments?post=2112"}],"version-history":[{"count":43,"href":"https:\/\/rafoldesalem.es\/es\/wp-json\/wp\/v2\/pages\/2112\/revisions"}],"predecessor-version":[{"id":5400,"href":"https:\/\/rafoldesalem.es\/es\/wp-json\/wp\/v2\/pages\/2112\/revisions\/5400"}],"wp:attachment":[{"href":"https:\/\/rafoldesalem.es\/es\/wp-json\/wp\/v2\/media?parent=2112"}],"curies":[{"name":"wp","href":"https:\/\/api.w.org\/{rel}","templated":true}]}}